{"id":23,"date":"2022-10-04T08:53:31","date_gmt":"2022-10-04T06:53:31","guid":{"rendered":"https:\/\/www.silvelox.it\/fr\/?page_id=23"},"modified":"2024-02-23T10:25:32","modified_gmt":"2024-02-23T09:25:32","slug":"production","status":"publish","type":"page","link":"https:\/\/www.silvelox.it\/fr\/production\/","title":{"rendered":"Production"},"content":{"rendered":"\t\t<div data-elementor-type=\"wp-page\" data-elementor-id=\"23\" class=\"elementor elementor-23\" data-elementor-post-type=\"page\">\n\t\t\t\t\t\t<section class=\"elementor-section elementor-top-section elementor-element elementor-element-3f131df inner-banner elementor-section-full_width elementor-section-height-default elementor-section-height-default elementor-invisible\" data-id=\"3f131df\" data-element_type=\"section\" data-e-type=\"section\" data-settings=\"{&quot;background_background&quot;:&quot;classic&quot;,&quot;animation&quot;:&quot;fadeIn&quot;}\">\n\t\t\t\t\t\t<div class=\"elementor-container elementor-column-gap-default\">\n\t\t\t\t\t<div class=\"elementor-column elementor-col-100 elementor-top-column elementor-element elementor-element-d8afaba\" data-id=\"d8afaba\" data-element_type=\"column\" data-e-type=\"column\">\n\t\t\t<div class=\"elementor-widget-wrap elementor-element-populated\">\n\t\t\t\t\t\t<div class=\"elementor-element elementor-element-87749b9 breadcrumb-main-inner-top elementor-widget elementor-widget-shortcode\" data-id=\"87749b9\" data-element_type=\"widget\" data-e-type=\"widget\" data-widget_type=\"shortcode.default\">\n\t\t\t\t<div class=\"elementor-widget-container\">\n\t\t\t\t\t\t\t<div class=\"elementor-shortcode\"><div class=\"breadcrumbs\">\n<a href=\"https:\/\/www.silvelox.it\/fr\">Homepage<\/a> \n\n<\/a> \n\/ <b> Production<\/b>\n<\/div>\n<\/div>\n\t\t\t\t\t\t<\/div>\n\t\t\t\t<\/div>\n\t\t\t\t\t<\/div>\n\t\t<\/div>\n\t\t\t\t\t<\/div>\n\t\t<\/section>\n\t\t\t\t<section class=\"elementor-section elementor-top-section elementor-element elementor-element-85583aa sec-one-production elementor-section-boxed elementor-section-height-default elementor-section-height-default elementor-invisible\" data-id=\"85583aa\" data-element_type=\"section\" data-e-type=\"section\" data-settings=\"{&quot;animation&quot;:&quot;fadeIn&quot;}\">\n\t\t\t\t\t\t<div class=\"elementor-container elementor-column-gap-default\">\n\t\t\t\t\t<div class=\"elementor-column elementor-col-50 elementor-top-column elementor-element elementor-element-5456a12 specialist-sec-home\" data-id=\"5456a12\" data-element_type=\"column\" data-e-type=\"column\">\n\t\t\t<div class=\"elementor-widget-wrap elementor-element-populated\">\n\t\t\t\t\t\t<div class=\"elementor-element elementor-element-363c81c font-size-35 elementor-widget elementor-widget-heading\" data-id=\"363c81c\" data-element_type=\"widget\" data-e-type=\"widget\" data-widget_type=\"heading.default\">\n\t\t\t\t<div class=\"elementor-widget-container\">\n\t\t\t\t\t<h2 class=\"elementor-heading-title elementor-size-default\">Silvelox: portes de garage et portes blind\u00e9es personnalisables et respectueuses de l\u2019environnement<\/h2>\t\t\t\t<\/div>\n\t\t\t\t<\/div>\n\t\t\t\t<div class=\"elementor-element elementor-element-a079cf8 attento-sec production-text elementor-widget elementor-widget-text-editor\" data-id=\"a079cf8\" data-element_type=\"widget\" data-e-type=\"widget\" data-widget_type=\"text-editor.default\">\n\t\t\t\t<div class=\"elementor-widget-container\">\n\t\t\t\t\t\t\t\t\t<p>Les produits Silvelox sont fabriqu&eacute;s dans un contexte d&rsquo;entreprise qui, tout en maintenant les sp&eacute;cificit&eacute;s de production pour les march&eacute;s r&eacute;sidentiels et industriels, a une <strong>vision globale de croissance et de d&eacute;veloppement<\/strong>. Au niveau national et international, <strong>Silvelox Group<\/strong> repr&eacute;sente l&rsquo;une des r&eacute;alit&eacute;s d&rsquo;excellence du <strong>Made in Italy<\/strong>. Des syst&egrave;mes informatiques avanc&eacute;s assurent la gestion de toute la cha&icirc;ne de production : de la conception &agrave; l&rsquo;usinage, jusqu&rsquo;&agrave; la peinture et &agrave; la livraison.<\/p>\t\t\t\t\t\t\t\t<\/div>\n\t\t\t\t<\/div>\n\t\t\t\t\t<\/div>\n\t\t<\/div>\n\t\t\t\t<div class=\"elementor-column elementor-col-50 elementor-top-column elementor-element elementor-element-92a9800\" data-id=\"92a9800\" data-element_type=\"column\" data-e-type=\"column\">\n\t\t\t<div class=\"elementor-widget-wrap elementor-element-populated\">\n\t\t\t\t\t\t<div class=\"elementor-element elementor-element-f39b8d8 elementor-widget elementor-widget-image\" data-id=\"f39b8d8\" data-element_type=\"widget\" data-e-type=\"widget\" data-widget_type=\"image.default\">\n\t\t\t\t<div class=\"elementor-widget-container\">\n\t\t\t\t\t\t\t\t\t\t\t\t\t\t\t<img fetchpriority=\"high\" decoding=\"async\" width=\"453\" height=\"453\" src=\"https:\/\/www.silvelox.it\/fr\/wp-content\/uploads\/sites\/3\/2022\/10\/produzione-1.jpg\" class=\"attachment-full size-full wp-image-300\" alt=\"\" srcset=\"https:\/\/www.silvelox.it\/fr\/wp-content\/uploads\/sites\/3\/2022\/10\/produzione-1.jpg 453w, https:\/\/www.silvelox.it\/fr\/wp-content\/uploads\/sites\/3\/2022\/10\/produzione-1-300x300.jpg 300w, https:\/\/www.silvelox.it\/fr\/wp-content\/uploads\/sites\/3\/2022\/10\/produzione-1-150x150.jpg 150w\" sizes=\"(max-width: 453px) 100vw, 453px\" \/>\t\t\t\t\t\t\t\t\t\t\t\t\t\t\t<\/div>\n\t\t\t\t<\/div>\n\t\t\t\t\t<\/div>\n\t\t<\/div>\n\t\t\t\t\t<\/div>\n\t\t<\/section>\n\t\t\t\t<section class=\"elementor-section elementor-top-section elementor-element elementor-element-aab9acd sec-two elementor-section-boxed elementor-section-height-default elementor-section-height-default elementor-invisible\" data-id=\"aab9acd\" data-element_type=\"section\" data-e-type=\"section\" data-settings=\"{&quot;animation&quot;:&quot;fadeIn&quot;}\">\n\t\t\t\t\t\t<div class=\"elementor-container elementor-column-gap-default\">\n\t\t\t\t\t<div class=\"elementor-column elementor-col-66 elementor-top-column elementor-element elementor-element-cabdea3\" data-id=\"cabdea3\" data-element_type=\"column\" data-e-type=\"column\">\n\t\t\t<div class=\"elementor-widget-wrap elementor-element-populated\">\n\t\t\t\t\t\t<div class=\"elementor-element elementor-element-876185c elementor-widget elementor-widget-image\" data-id=\"876185c\" data-element_type=\"widget\" data-e-type=\"widget\" data-widget_type=\"image.default\">\n\t\t\t\t<div class=\"elementor-widget-container\">\n\t\t\t\t\t\t\t\t\t\t\t\t\t\t\t<img decoding=\"async\" width=\"685\" height=\"477\" src=\"https:\/\/www.silvelox.it\/fr\/wp-content\/uploads\/sites\/3\/2023\/05\/impianto-verniciatura.jpg\" class=\"attachment-full size-full wp-image-8410\" alt=\"\" srcset=\"https:\/\/www.silvelox.it\/fr\/wp-content\/uploads\/sites\/3\/2023\/05\/impianto-verniciatura.jpg 685w, https:\/\/www.silvelox.it\/fr\/wp-content\/uploads\/sites\/3\/2023\/05\/impianto-verniciatura-300x209.jpg 300w\" sizes=\"(max-width: 685px) 100vw, 685px\" \/>\t\t\t\t\t\t\t\t\t\t\t\t\t\t\t<\/div>\n\t\t\t\t<\/div>\n\t\t\t\t\t<\/div>\n\t\t<\/div>\n\t\t\t\t<div class=\"elementor-column elementor-col-33 elementor-top-column elementor-element elementor-element-3fda9ce specialist-sec-home\" data-id=\"3fda9ce\" data-element_type=\"column\" data-e-type=\"column\">\n\t\t\t<div class=\"elementor-widget-wrap elementor-element-populated\">\n\t\t\t\t\t\t<div class=\"elementor-element elementor-element-dfe1b0b elementor-widget elementor-widget-text-editor\" data-id=\"dfe1b0b\" data-element_type=\"widget\" data-e-type=\"widget\" data-widget_type=\"text-editor.default\">\n\t\t\t\t<div class=\"elementor-widget-container\">\n\t\t\t\t\t\t\t\t\t<p><strong>L&rsquo;atelier de peinture<\/strong> moderne obtient des r&eacute;sultats de premier ordre. Il travaille avec des peintures &agrave; base d&rsquo;eau, ce qui r&eacute;duit l&rsquo;impact sur l&rsquo;environnement et permet de r&eacute;pondre aux <strong>normes &eacute;lev&eacute;es<\/strong>, rigoureusement planifi&eacute;es et certifi&eacute;es de l&rsquo;entreprise. <strong>L&rsquo;atelier de menuiserie<\/strong> emploie des op&eacute;rateurs sp&eacute;cialis&eacute;s et utilise des <strong>&eacute;quipements sophistiqu&eacute;s<\/strong>, notamment un pantographe pour les panneaux de porte. Tous les travaux manuels dans les phases d&rsquo;assemblage et de finition des produits sont effectu&eacute;s avec le soin et l&rsquo;attention aux d&eacute;tails qui expriment pleinement la philosophie de l&rsquo;entreprise. Le savoir-faire absolu, aid&eacute; par <strong>le haut degr&eacute; d&rsquo;automatisation<\/strong> des processus industriels du cycle de production, permet d&rsquo;obtenir une grande vari&eacute;t&eacute; d&rsquo;articles et des d&eacute;lais de livraison r&eacute;duits.<\/p>\t\t\t\t\t\t\t\t<\/div>\n\t\t\t\t<\/div>\n\t\t\t\t\t<\/div>\n\t\t<\/div>\n\t\t\t\t\t<\/div>\n\t\t<\/section>\n\t\t\t\t<section class=\"elementor-section elementor-top-section elementor-element elementor-element-29939f5 sec-two-production elementor-section-boxed elementor-section-height-default elementor-section-height-default elementor-invisible\" data-id=\"29939f5\" data-element_type=\"section\" data-e-type=\"section\" data-settings=\"{&quot;animation&quot;:&quot;fadeIn&quot;}\">\n\t\t\t\t\t\t<div class=\"elementor-container elementor-column-gap-default\">\n\t\t\t\t\t<div class=\"elementor-column elementor-col-50 elementor-top-column elementor-element elementor-element-08f8d69 specialist-sec-home\" data-id=\"08f8d69\" data-element_type=\"column\" data-e-type=\"column\">\n\t\t\t<div class=\"elementor-widget-wrap elementor-element-populated\">\n\t\t\t\t\t\t<div class=\"elementor-element elementor-element-b0339b2 font-size-35 elementor-widget elementor-widget-heading\" data-id=\"b0339b2\" data-element_type=\"widget\" data-e-type=\"widget\" data-widget_type=\"heading.default\">\n\t\t\t\t<div class=\"elementor-widget-container\">\n\t\t\t\t\t<h2 class=\"elementor-heading-title elementor-size-default\">Une production sous le signe de l'innovation et de l'\u00e9conomie circulaire <\/h2>\t\t\t\t<\/div>\n\t\t\t\t<\/div>\n\t\t\t\t<div class=\"elementor-element elementor-element-656f4fb attento-sec production-text elementor-widget elementor-widget-text-editor\" data-id=\"656f4fb\" data-element_type=\"widget\" data-e-type=\"widget\" data-widget_type=\"text-editor.default\">\n\t\t\t\t<div class=\"elementor-widget-container\">\n\t\t\t\t\t\t\t\t\t<p>Les portes de garage et les portes blind&eacute;es <strong>Silvelox Group <\/strong>sont fabriqu&eacute;es dans un souci d&rsquo;am&eacute;lioration de la capacit&eacute; de production et de respect de l&rsquo;environnement. C&rsquo;est pourquoi l&rsquo;entreprise a adopt&eacute; un <strong>syst&egrave;me de r&eacute;utilisation des d&eacute;chets<\/strong> qui s&rsquo;inscrit dans le cadre de <strong>l&rsquo;&eacute;conomie circulaire<\/strong> : rien n&rsquo;est superflu et tout peut &ecirc;tre r&eacute;utilis&eacute;. De cette mani&egrave;re, <strong>Silvelox Group<\/strong> parvient &agrave; r&eacute;duire les <strong>d&eacute;chets au minimum<\/strong>, d&rsquo;autant plus qu&rsquo;en 2019, le groupe a investi dans l&rsquo;achat d&rsquo;une machine capable de r&eacute;cup&eacute;rer les panneaux isolants des portes sectionnelles. Une machine capable d&rsquo;assurer la production de feuilles de polyur&eacute;thane qui sont ensuite r&eacute;utilis&eacute;es lors de la phase d&#8217;emballage.<\/p>\t\t\t\t\t\t\t\t<\/div>\n\t\t\t\t<\/div>\n\t\t\t\t\t<\/div>\n\t\t<\/div>\n\t\t\t\t<div class=\"elementor-column elementor-col-50 elementor-top-column elementor-element elementor-element-eb36c07\" data-id=\"eb36c07\" data-element_type=\"column\" data-e-type=\"column\">\n\t\t\t<div class=\"elementor-widget-wrap elementor-element-populated\">\n\t\t\t\t\t\t<div class=\"elementor-element elementor-element-d97384a elementor-widget elementor-widget-image\" data-id=\"d97384a\" data-element_type=\"widget\" data-e-type=\"widget\" data-widget_type=\"image.default\">\n\t\t\t\t<div class=\"elementor-widget-container\">\n\t\t\t\t\t\t\t\t\t\t\t\t\t\t\t<img decoding=\"async\" width=\"453\" height=\"453\" src=\"https:\/\/www.silvelox.it\/fr\/wp-content\/uploads\/sites\/3\/2022\/10\/produzione-3.jpg\" class=\"attachment-full size-full wp-image-329\" alt=\"\" srcset=\"https:\/\/www.silvelox.it\/fr\/wp-content\/uploads\/sites\/3\/2022\/10\/produzione-3.jpg 453w, https:\/\/www.silvelox.it\/fr\/wp-content\/uploads\/sites\/3\/2022\/10\/produzione-3-300x300.jpg 300w, https:\/\/www.silvelox.it\/fr\/wp-content\/uploads\/sites\/3\/2022\/10\/produzione-3-150x150.jpg 150w\" sizes=\"(max-width: 453px) 100vw, 453px\" \/>\t\t\t\t\t\t\t\t\t\t\t\t\t\t\t<\/div>\n\t\t\t\t<\/div>\n\t\t\t\t\t<\/div>\n\t\t<\/div>\n\t\t\t\t\t<\/div>\n\t\t<\/section>\n\t\t\t\t<section class=\"elementor-section elementor-top-section elementor-element elementor-element-cb27faa sec-two elementor-section-boxed elementor-section-height-default elementor-section-height-default elementor-invisible\" data-id=\"cb27faa\" data-element_type=\"section\" data-e-type=\"section\" data-settings=\"{&quot;animation&quot;:&quot;fadeIn&quot;}\">\n\t\t\t\t\t\t<div class=\"elementor-container elementor-column-gap-default\">\n\t\t\t\t\t<div class=\"elementor-column elementor-col-66 elementor-top-column elementor-element elementor-element-5b21dfa\" data-id=\"5b21dfa\" data-element_type=\"column\" data-e-type=\"column\">\n\t\t\t<div class=\"elementor-widget-wrap elementor-element-populated\">\n\t\t\t\t\t\t<div class=\"elementor-element elementor-element-c98400b elementor-widget elementor-widget-image\" data-id=\"c98400b\" data-element_type=\"widget\" data-e-type=\"widget\" data-widget_type=\"image.default\">\n\t\t\t\t<div class=\"elementor-widget-container\">\n\t\t\t\t\t\t\t\t\t\t\t\t\t\t\t<img loading=\"lazy\" decoding=\"async\" width=\"685\" height=\"477\" src=\"https:\/\/www.silvelox.it\/fr\/wp-content\/uploads\/sites\/3\/2023\/05\/valorizzazione.jpg\" class=\"attachment-full size-full wp-image-8415\" alt=\"\" srcset=\"https:\/\/www.silvelox.it\/fr\/wp-content\/uploads\/sites\/3\/2023\/05\/valorizzazione.jpg 685w, https:\/\/www.silvelox.it\/fr\/wp-content\/uploads\/sites\/3\/2023\/05\/valorizzazione-300x209.jpg 300w\" sizes=\"(max-width: 685px) 100vw, 685px\" \/>\t\t\t\t\t\t\t\t\t\t\t\t\t\t\t<\/div>\n\t\t\t\t<\/div>\n\t\t\t\t<div class=\"elementor-element elementor-element-b9a7c50 elementor-widget elementor-widget-spacer\" data-id=\"b9a7c50\" data-element_type=\"widget\" data-e-type=\"widget\" data-widget_type=\"spacer.default\">\n\t\t\t\t<div class=\"elementor-widget-container\">\n\t\t\t\t\t\t\t<div class=\"elementor-spacer\">\n\t\t\t<div class=\"elementor-spacer-inner\"><\/div>\n\t\t<\/div>\n\t\t\t\t\t\t<\/div>\n\t\t\t\t<\/div>\n\t\t\t\t\t<\/div>\n\t\t<\/div>\n\t\t\t\t<div class=\"elementor-column elementor-col-33 elementor-top-column elementor-element elementor-element-25b3a96 specialist-sec-home\" data-id=\"25b3a96\" data-element_type=\"column\" data-e-type=\"column\">\n\t\t\t<div class=\"elementor-widget-wrap elementor-element-populated\">\n\t\t\t\t\t\t<div class=\"elementor-element elementor-element-34ac4bb elementor-widget elementor-widget-text-editor\" data-id=\"34ac4bb\" data-element_type=\"widget\" data-e-type=\"widget\" data-widget_type=\"text-editor.default\">\n\t\t\t\t<div class=\"elementor-widget-container\">\n\t\t\t\t\t\t\t\t\t<p>La <strong>valorisation de toutes les phases de production<\/strong>, y compris la gestion des d&eacute;chets industriels, est une fiert&eacute; pour <strong>Silvelox Group<\/strong>, car elle s&rsquo;inscrit dans une vision industrielle respectueuse de l&rsquo;avenir des nouvelles g&eacute;n&eacute;rations. Il en va de m&ecirc;me pour le d&eacute;partement Recherche et D&eacute;veloppement, qui emploie environ <strong>10 % des salari&eacute;s<\/strong>.<\/p>\n<p><br \/>Ceux-ci sont utilis&eacute;s dans <strong>cinq domaines principaux<\/strong> : la r&eacute;alisation de produits r&eacute;alis&eacute;s pour l&rsquo;important portefeuille de produits nationaux et internationaux, la conception de solutions personnalis&eacute;es, l&rsquo;innovation des processus industriels, la recherche de mat&eacute;riaux sous le signe du design et la r&eacute;alisation de tests appropri&eacute;s pour le d&eacute;partement de production. La <strong>section Recherche et D&eacute;veloppement<\/strong> est l&rsquo;un des <strong>fleurons de Silvelox<\/strong>, capable d&rsquo;allier innovation et tradition.<\/p>\t\t\t\t\t\t\t\t<\/div>\n\t\t\t\t<\/div>\n\t\t\t\t\t<\/div>\n\t\t<\/div>\n\t\t\t\t\t<\/div>\n\t\t<\/section>\n\t\t\t\t<section class=\"elementor-section elementor-top-section elementor-element elementor-element-a2966c3 sec-two-production elementor-section-boxed elementor-section-height-default elementor-section-height-default elementor-invisible\" data-id=\"a2966c3\" data-element_type=\"section\" data-e-type=\"section\" data-settings=\"{&quot;animation&quot;:&quot;fadeIn&quot;}\">\n\t\t\t\t\t\t<div class=\"elementor-container elementor-column-gap-default\">\n\t\t\t\t\t<div class=\"elementor-column elementor-col-50 elementor-top-column elementor-element elementor-element-6af482f specialist-sec-home\" data-id=\"6af482f\" data-element_type=\"column\" data-e-type=\"column\">\n\t\t\t<div class=\"elementor-widget-wrap elementor-element-populated\">\n\t\t\t\t\t\t<div class=\"elementor-element elementor-element-d4ea903 font-size-25 elementor-widget elementor-widget-heading\" data-id=\"d4ea903\" data-element_type=\"widget\" data-e-type=\"widget\" data-widget_type=\"heading.default\">\n\t\t\t\t<div class=\"elementor-widget-container\">\n\t\t\t\t\t<h2 class=\"elementor-heading-title elementor-size-default\">\u00c9tablissement de Castelnuovo<\/h2>\t\t\t\t<\/div>\n\t\t\t\t<\/div>\n\t\t\t\t<div class=\"elementor-element elementor-element-3761411 attento-sec production-text elementor-widget elementor-widget-text-editor\" data-id=\"3761411\" data-element_type=\"widget\" data-e-type=\"widget\" data-widget_type=\"text-editor.default\">\n\t\t\t\t<div class=\"elementor-widget-container\">\n\t\t\t\t\t\t\t\t\t<p>Dans l\u2019usine de Castelnuovo, toute la production a lieu, de la pr\u00e9paration des produits semi-finis en bois \u00e0 l\u2019ing\u00e9nierie sp\u00e9cifique de chaque composant, jusqu\u2019\u00e0 l\u2019assemblage des pi\u00e8ces m\u00e9caniques et \u00e9lectriques, une garantie de la qualit\u00e9 des produits Silvelox, v\u00e9ritable excellence du Made in Italy. Des syst\u00e8mes informatiques avanc\u00e9s permettent de g\u00e9rer chaque \u00e9tape du processus de production, de la conception \u00e0 la peinture. Une installation moderne de peinture automatique qui travaille avec des peintures \u00e0 l\u2019eau r\u00e9pond aux normes de qualit\u00e9 scrupuleuses de l\u2019entreprise telles que l\u2019\u00e9change entre les op\u00e9rations manuelles de haute menuiserie effectu\u00e9es par des op\u00e9rateurs sp\u00e9cialis\u00e9s et l\u2019utilisation d\u2019\u00e9quipements sophistiqu\u00e9s tels que l\u2019installation de profilage pour les panneaux de portes garantit d\u2019obtenir des r\u00e9sultats de production de haut niveau. De plus, tous les usinages manuels dans les phases d\u2019assemblage et de finition du produit, gr\u00e2ce au travail de la menuiserie et de la menuiserie internes, sont r\u00e9alis\u00e9s avec le soin et le raffinement des d\u00e9tails qui expriment pleinement la philosophie de l\u2019entreprise.\u00a0<\/p>\t\t\t\t\t\t\t\t<\/div>\n\t\t\t\t<\/div>\n\t\t\t\t\t<\/div>\n\t\t<\/div>\n\t\t\t\t<div class=\"elementor-column elementor-col-50 elementor-top-column elementor-element elementor-element-e67f660\" data-id=\"e67f660\" data-element_type=\"column\" data-e-type=\"column\">\n\t\t\t<div class=\"elementor-widget-wrap elementor-element-populated\">\n\t\t\t\t\t\t<div class=\"elementor-element elementor-element-9069428 elementor-widget elementor-widget-image\" data-id=\"9069428\" data-element_type=\"widget\" data-e-type=\"widget\" data-widget_type=\"image.default\">\n\t\t\t\t<div class=\"elementor-widget-container\">\n\t\t\t\t\t\t\t\t\t\t\t\t\t\t\t<img loading=\"lazy\" decoding=\"async\" width=\"569\" height=\"453\" src=\"https:\/\/www.silvelox.it\/fr\/wp-content\/uploads\/sites\/3\/2022\/10\/produzione-5.jpg\" class=\"attachment-full size-full wp-image-343\" alt=\"\" srcset=\"https:\/\/www.silvelox.it\/fr\/wp-content\/uploads\/sites\/3\/2022\/10\/produzione-5.jpg 569w, https:\/\/www.silvelox.it\/fr\/wp-content\/uploads\/sites\/3\/2022\/10\/produzione-5-300x239.jpg 300w\" sizes=\"(max-width: 569px) 100vw, 569px\" \/>\t\t\t\t\t\t\t\t\t\t\t\t\t\t\t<\/div>\n\t\t\t\t<\/div>\n\t\t\t\t\t<\/div>\n\t\t<\/div>\n\t\t\t\t\t<\/div>\n\t\t<\/section>\n\t\t\t\t<section class=\"elementor-section elementor-top-section elementor-element elementor-element-80cfd13 sec-two  vincerte elementor-section-boxed elementor-section-height-default elementor-section-height-default elementor-invisible\" data-id=\"80cfd13\" data-element_type=\"section\" data-e-type=\"section\" data-settings=\"{&quot;animation&quot;:&quot;fadeIn&quot;}\">\n\t\t\t\t\t\t<div class=\"elementor-container elementor-column-gap-default\">\n\t\t\t\t\t<div class=\"elementor-column elementor-col-66 elementor-top-column elementor-element elementor-element-be839b0\" data-id=\"be839b0\" data-element_type=\"column\" data-e-type=\"column\">\n\t\t\t<div class=\"elementor-widget-wrap elementor-element-populated\">\n\t\t\t\t\t\t<div class=\"elementor-element elementor-element-d740e7d elementor-widget elementor-widget-image\" data-id=\"d740e7d\" data-element_type=\"widget\" data-e-type=\"widget\" data-widget_type=\"image.default\">\n\t\t\t\t<div class=\"elementor-widget-container\">\n\t\t\t\t\t\t\t\t\t\t\t\t\t\t\t<img loading=\"lazy\" decoding=\"async\" width=\"568\" height=\"453\" src=\"https:\/\/www.silvelox.it\/fr\/wp-content\/uploads\/sites\/3\/2023\/05\/remedello.jpg\" class=\"attachment-full size-full wp-image-8414\" alt=\"\" srcset=\"https:\/\/www.silvelox.it\/fr\/wp-content\/uploads\/sites\/3\/2023\/05\/remedello.jpg 568w, https:\/\/www.silvelox.it\/fr\/wp-content\/uploads\/sites\/3\/2023\/05\/remedello-300x239.jpg 300w\" sizes=\"(max-width: 568px) 100vw, 568px\" \/>\t\t\t\t\t\t\t\t\t\t\t\t\t\t\t<\/div>\n\t\t\t\t<\/div>\n\t\t\t\t\t<\/div>\n\t\t<\/div>\n\t\t\t\t<div class=\"elementor-column elementor-col-33 elementor-top-column elementor-element elementor-element-8d91a3c specialist-sec-home\" data-id=\"8d91a3c\" data-element_type=\"column\" data-e-type=\"column\">\n\t\t\t<div class=\"elementor-widget-wrap elementor-element-populated\">\n\t\t\t\t\t\t<div class=\"elementor-element elementor-element-5b7b298 font-size-25 elementor-widget elementor-widget-heading\" data-id=\"5b7b298\" data-element_type=\"widget\" data-e-type=\"widget\" data-widget_type=\"heading.default\">\n\t\t\t\t<div class=\"elementor-widget-container\">\n\t\t\t\t\t<h2 class=\"elementor-heading-title elementor-size-default\">\u00c9tablissement de Remedello<\/h2>\t\t\t\t<\/div>\n\t\t\t\t<\/div>\n\t\t\t\t<div class=\"elementor-element elementor-element-a9ea11f elementor-widget elementor-widget-text-editor\" data-id=\"a9ea11f\" data-element_type=\"widget\" data-e-type=\"widget\" data-widget_type=\"text-editor.default\">\n\t\t\t\t<div class=\"elementor-widget-container\">\n\t\t\t\t\t\t\t\t\t<p>L\u2019usine de Remedello r\u00e9alise l\u2019assemblage des portes sectionnelles et \u00e0 livre et des portes industrielles, en d\u00e9tenant la propri\u00e9t\u00e9 formelle et intellectuelle du savoir-faire en mati\u00e8re technique, de conception et de production de composants, accessoires et profils; en garantissant par rapport aux assembleurs ordinaires un standard qualitatif unique et gagnant. Le syst\u00e8me de surveillance des phases d\u2019assemblage film\u00e9 avec les cam\u00e9ras garantit le contr\u00f4le de tous les processus et l\u2019intervention imm\u00e9diate en cas d\u2019anomalies proc\u00e9durales. La production de glissi\u00e8res et de cassettes pour panneaux est r\u00e9alis\u00e9e par des machines modernes de derni\u00e8re g\u00e9n\u00e9ration, ainsi que les lignes de per\u00e7age et de d\u00e9coupe des panneaux isol\u00e9s. La haute automatisation des processus et l\u2019industrialisation du cycle de production, favorisent l\u2019\u00e9lasticit\u00e9 et les d\u00e9lais de livraison r\u00e9duits, garantissant dans tous les cas le haut niveau qualitatif des produits et du service.\u00a0<\/p>\t\t\t\t\t\t\t\t<\/div>\n\t\t\t\t<\/div>\n\t\t\t\t\t<\/div>\n\t\t<\/div>\n\t\t\t\t\t<\/div>\n\t\t<\/section>\n\t\t\t\t<section class=\"elementor-section elementor-top-section elementor-element elementor-element-9986145 pro-sec-six elementor-section-boxed elementor-section-height-default elementor-section-height-default elementor-invisible\" data-id=\"9986145\" data-element_type=\"section\" data-e-type=\"section\" data-settings=\"{&quot;background_background&quot;:&quot;classic&quot;,&quot;animation&quot;:&quot;fadeIn&quot;}\">\n\t\t\t\t\t\t<div class=\"elementor-container elementor-column-gap-default\">\n\t\t\t\t\t<div class=\"elementor-column elementor-col-100 elementor-top-column elementor-element elementor-element-61bd356 guarda-sec\" data-id=\"61bd356\" data-element_type=\"column\" data-e-type=\"column\">\n\t\t\t<div class=\"elementor-widget-wrap elementor-element-populated\">\n\t\t\t\t\t\t<div class=\"elementor-element elementor-element-b7db1aa elementor-widget elementor-widget-heading\" data-id=\"b7db1aa\" data-element_type=\"widget\" data-e-type=\"widget\" data-widget_type=\"heading.default\">\n\t\t\t\t<div class=\"elementor-widget-container\">\n\t\t\t\t\t<div class=\"elementor-heading-title elementor-size-default\">Economie Circulaire<\/div>\t\t\t\t<\/div>\n\t\t\t\t<\/div>\n\t\t\t\t<div class=\"elementor-element elementor-element-af213a5 elementor-widget elementor-widget-text-editor\" data-id=\"af213a5\" data-element_type=\"widget\" data-e-type=\"widget\" data-widget_type=\"text-editor.default\">\n\t\t\t\t<div class=\"elementor-widget-container\">\n\t\t\t\t\t\t\t\t\t<p>Dans un souci d\u2019am\u00e9lioration des capacit\u00e9s de production et de respect de l\u2019environnement, Silvelox a adopt\u00e9 un syst\u00e8me de r\u00e9utilisation des d\u00e9chets appel\u00e9 \u00e9conomie circulaire.L\u2019\u00e9conomie circulaire est un syst\u00e8me \u00e9conomique planifi\u00e9 pour r\u00e9utiliser les mat\u00e9riaux dans les cycles de production ult\u00e9rieurs en minimisant les d\u00e9chets. Au cours de 2019, Silvelox Group a investi dans l\u2019achat d\u2019une machine capable de r\u00e9cup\u00e9rer les panneaux isolants des portes sectionnelles.La machine, con\u00e7ue en collaboration avec un fabricant sp\u00e9cialis\u00e9 dans la d\u00e9coupe de mat\u00e9riaux sp\u00e9ciaux, est capable de r\u00e9cup\u00e9rer les panneaux isol\u00e9s en divisant efficacement la feuille, qui peut \u00eatre vendue aux aci\u00e9ries, et le polyur\u00e9thane \u00e0 l\u2019int\u00e9rieur des panneaux pour produire des feuilles de polyur\u00e9thane r\u00e9utilis\u00e9es dans l\u2019emballage de nos portes sectionnelles.L\u2019am\u00e9lioration de toutes les phases de production jusqu\u2019\u00e0 la gestion des d\u00e9chets industriels est pour Silvelox une source de fiert\u00e9 et d\u2019une vision industrielle respectueuse de l\u2019avenir des nouvelles g\u00e9n\u00e9rations.\u00a0<\/p>\t\t\t\t\t\t\t\t<\/div>\n\t\t\t\t<\/div>\n\t\t\t\t<div class=\"elementor-element elementor-element-868552c transparent-button white-text elementor-widget elementor-widget-button\" data-id=\"868552c\" data-element_type=\"widget\" data-e-type=\"widget\" data-widget_type=\"button.default\">\n\t\t\t\t<div class=\"elementor-widget-container\">\n\t\t\t\t\t\t\t\t\t<div class=\"elementor-button-wrapper\">\n\t\t\t\t\t<a class=\"elementor-button elementor-button-link elementor-size-sm\" href=\"https:\/\/www.youtube.com\/watch?v=yW_0mMgEQmU\" target=\"_blank\">\n\t\t\t\t\t\t<span class=\"elementor-button-content-wrapper\">\n\t\t\t\t\t\t<span class=\"elementor-button-icon\">\n\t\t\t\t<svg xmlns=\"http:\/\/www.w3.org\/2000\/svg\" xmlns:xlink=\"http:\/\/www.w3.org\/1999\/xlink\" width=\"21px\" height=\"21px\" viewBox=\"0 0 21 21\"><title>Group 3<\/title><g id=\"Page-1\" stroke=\"none\" stroke-width=\"1\" fill=\"none\" fill-rule=\"evenodd\" stroke-linecap=\"round\"><g id=\"01---Homepage\" transform=\"translate(-671.000000, -784.000000)\" stroke=\"#FFFFFF\" stroke-width=\"2\"><g id=\"Group-4\" transform=\"translate(549.360965, 785.620292)\"><g id=\"Group-3\" transform=\"translate(122.860965, 0.000000)\"><line x1=\"18.5398218\" y1=\"8.89911447\" x2=\"0.539821812\" y2=\"8.89911447\" id=\"Line-2\"><\/line><line x1=\"9.64070734\" y1=\"0\" x2=\"9.64070734\" y2=\"18\" id=\"Line-2\"><\/line><\/g><\/g><\/g><\/g><\/svg>\t\t\t<\/span>\n\t\t\t\t\t\t\t\t\t<span class=\"elementor-button-text\">Voir la vid\u00e9o<\/span>\n\t\t\t\t\t<\/span>\n\t\t\t\t\t<\/a>\n\t\t\t\t<\/div>\n\t\t\t\t\t\t\t\t<\/div>\n\t\t\t\t<\/div>\n\t\t\t\t\t<\/div>\n\t\t<\/div>\n\t\t\t\t\t<\/div>\n\t\t<\/section>\n\t\t\t\t<section class=\"elementor-section elementor-top-section elementor-element elementor-element-2ce8f54 larte-sec elementor-section-boxed elementor-section-height-default elementor-section-height-default elementor-invisible\" data-id=\"2ce8f54\" data-element_type=\"section\" data-e-type=\"section\" data-settings=\"{&quot;animation&quot;:&quot;fadeIn&quot;}\">\n\t\t\t\t\t\t<div class=\"elementor-container elementor-column-gap-default\">\n\t\t\t\t\t<div class=\"elementor-column elementor-col-50 elementor-top-column elementor-element elementor-element-54bb443 specialist-sec-home\" data-id=\"54bb443\" data-element_type=\"column\" data-e-type=\"column\">\n\t\t\t<div class=\"elementor-widget-wrap elementor-element-populated\">\n\t\t\t\t\t\t<div class=\"elementor-element elementor-element-f169951 font-size-25 elementor-widget elementor-widget-heading\" data-id=\"f169951\" data-element_type=\"widget\" data-e-type=\"widget\" data-widget_type=\"heading.default\">\n\t\t\t\t<div class=\"elementor-widget-container\">\n\t\t\t\t\t<h2 class=\"elementor-heading-title elementor-size-default\">L\u2019art de travailler le bois<\/h2>\t\t\t\t<\/div>\n\t\t\t\t<\/div>\n\t\t\t\t<div class=\"elementor-element elementor-element-6e8cdb9 attento-sec production-text elementor-widget elementor-widget-text-editor\" data-id=\"6e8cdb9\" data-element_type=\"widget\" data-e-type=\"widget\" data-widget_type=\"text-editor.default\">\n\t\t\t\t<div class=\"elementor-widget-container\">\n\t\t\t\t\t\t\t\t\t<p>Silvelox Open Your Space est la marque r\u00e9sidentielle qui repr\u00e9sente l&rsquo;excellence dans la production de portes de garage, de portes d&rsquo;entr\u00e9e blind\u00e9es, de portes coch\u00e8res et de syst\u00e8mes architecturaux. Depuis plus de 60 ans, la proposition de Silvelox se distingue par sa capacit\u00e9 \u00e0 cr\u00e9er des solutions in\u00e9dites dans lesquelles les technologies anti-effraction les plus innovantes rencontrent le plus grand soin pour le design, les mat\u00e9riaux et les finitions, avec une attention particuli\u00e8re pour l&rsquo;\u00e9conomie d&rsquo;\u00e9nergie et la r\u00e9duction du bruit. Silvelox a su conjuguer la passion pour le bois, l&rsquo;artisanat traditionnel, la recherche technologique et l&rsquo;innovation continue pour cr\u00e9er des produits originaux, soign\u00e9s dans les moindres d\u00e9tails, avec le m\u00eame soin que celui qui caract\u00e9rise les meubles de haute facture. Chaque porte Silvelox est une cr\u00e9ation unique et artisanale, un syst\u00e8me de fermeture polyvalent et sur mesure : comme un couturier, l&rsquo;entreprise \u00ab\u00a0coupe et coud\u00a0\u00bb le produit selon les souhaits du client, en le finissant dans les moindres d\u00e9tails.\u00a0<\/p>\t\t\t\t\t\t\t\t<\/div>\n\t\t\t\t<\/div>\n\t\t\t\t\t<\/div>\n\t\t<\/div>\n\t\t\t\t<div class=\"elementor-column elementor-col-50 elementor-top-column elementor-element elementor-element-36cf015\" data-id=\"36cf015\" data-element_type=\"column\" data-e-type=\"column\">\n\t\t\t<div class=\"elementor-widget-wrap elementor-element-populated\">\n\t\t\t\t\t\t<div class=\"elementor-element elementor-element-00f0f4b elementor-widget elementor-widget-image\" data-id=\"00f0f4b\" data-element_type=\"widget\" data-e-type=\"widget\" data-widget_type=\"image.default\">\n\t\t\t\t<div class=\"elementor-widget-container\">\n\t\t\t\t\t\t\t\t\t\t\t\t\t\t\t<img loading=\"lazy\" decoding=\"async\" width=\"453\" height=\"452\" src=\"https:\/\/www.silvelox.it\/fr\/wp-content\/uploads\/sites\/3\/2023\/05\/lavorazione-legno.jpg\" class=\"attachment-full size-full wp-image-8419\" alt=\"\" srcset=\"https:\/\/www.silvelox.it\/fr\/wp-content\/uploads\/sites\/3\/2023\/05\/lavorazione-legno.jpg 453w, https:\/\/www.silvelox.it\/fr\/wp-content\/uploads\/sites\/3\/2023\/05\/lavorazione-legno-300x300.jpg 300w, https:\/\/www.silvelox.it\/fr\/wp-content\/uploads\/sites\/3\/2023\/05\/lavorazione-legno-150x150.jpg 150w\" sizes=\"(max-width: 453px) 100vw, 453px\" \/>\t\t\t\t\t\t\t\t\t\t\t\t\t\t\t<\/div>\n\t\t\t\t<\/div>\n\t\t\t\t\t<\/div>\n\t\t<\/div>\n\t\t\t\t\t<\/div>\n\t\t<\/section>\n\t\t\t\t<section class=\"elementor-section elementor-top-section elementor-element elementor-element-f6f353a pro-sec-eight elementor-section-boxed elementor-section-height-default elementor-section-height-default elementor-invisible\" data-id=\"f6f353a\" data-element_type=\"section\" data-e-type=\"section\" data-settings=\"{&quot;animation&quot;:&quot;fadeIn&quot;}\">\n\t\t\t\t\t\t<div class=\"elementor-container elementor-column-gap-default\">\n\t\t\t\t\t<div class=\"elementor-column elementor-col-100 elementor-top-column elementor-element elementor-element-5dfcde1\" data-id=\"5dfcde1\" data-element_type=\"column\" data-e-type=\"column\">\n\t\t\t<div class=\"elementor-widget-wrap elementor-element-populated\">\n\t\t\t\t\t\t<div class=\"elementor-element elementor-element-0874aed il-sec elementor-widget elementor-widget-heading\" data-id=\"0874aed\" data-element_type=\"widget\" data-e-type=\"widget\" data-widget_type=\"heading.default\">\n\t\t\t\t<div class=\"elementor-widget-container\">\n\t\t\t\t\t<div class=\"elementor-heading-title elementor-size-default\">LE BOIS<\/div>\t\t\t\t<\/div>\n\t\t\t\t<\/div>\n\t\t\t\t<div class=\"elementor-element elementor-element-d1ec850 materia-sec elementor-widget elementor-widget-heading\" data-id=\"d1ec850\" data-element_type=\"widget\" data-e-type=\"widget\" data-widget_type=\"heading.default\">\n\t\t\t\t<div class=\"elementor-widget-container\">\n\t\t\t\t\t<div class=\"elementor-heading-title elementor-size-default\">La mati\u00e8re premi\u00e8re qui donne naissance \u00e0 toutes nos portes<\/div>\t\t\t\t<\/div>\n\t\t\t\t<\/div>\n\t\t\t\t<div class=\"elementor-element elementor-element-9c15c2d elementor-widget elementor-widget-shortcode\" data-id=\"9c15c2d\" data-element_type=\"widget\" data-e-type=\"widget\" data-widget_type=\"shortcode.default\">\n\t\t\t\t<div class=\"elementor-widget-container\">\n\t\t\t\t\t\t\t<div class=\"elementor-shortcode\">\n<div class=\"Click-here\">\n   \t\t<div class=\"the-wood-main-sec\">\n\t\t<div class=\"the-wood-main-sec-in\">\n\t\t\t<div class=\"the-wood-image\">\n\t\t\t   \t\t\t\t<img decoding=\"async\" src=\"https:\/\/www.silvelox.it\/fr\/wp-content\/uploads\/sites\/3\/2022\/11\/Pivot-Copy.jpg\" alt=\"\" \/>\n\t\t\t   \t\t\t<\/div>\n\t\t\t<div class=\"the-wood-title\">\n\t\t\t Okoum\u00e8\t\t\t<\/div>\n\t\t\t<div class=\"the-wood-button\">\n\t\t\t En savoir plus <img decoding=\"async\" src=\"https:\/\/www.silvelox.it\/fr\/wp-content\/themes\/silvelox-child\/assets\/images\/plus-brown.svg\">\n\t\t\t<\/div>\n\t\t\t<\/div>\n\t\t\t<div class=\"custom-model-main\">\n    <div class=\"custom-model-inner\">   \n\t\n    <div class=\"close-btn\"><img decoding=\"async\" src=\"https:\/\/www.silvelox.it\/fr\/wp-content\/themes\/silvelox-child\/assets\/images\/cross-pop.svg\"><\/div>\n        <div class=\"custom-model-wrap\">\n            <div class=\"pop-up-content-wrap\">\n              <div class=\"the-wood-title-pop\">\n\t\t\t Okoum\u00e8\t\t\t<\/div>\n\t\t\t<div class=\"the-wood-content-pop\">\n\t\t\t <p>Il s&rsquo;agit d&rsquo;un bois exotique originaire du Gabon, en Afrique de l&rsquo;Ouest, qui pr\u00e9sente une bonne r\u00e9sistance aux contraintes m\u00e9caniques et, surtout, qui est extr\u00eamement bien adapt\u00e9 pour r\u00e9sister \u00e0 une exposition s\u00e9v\u00e8re aux intemp\u00e9ries. Il est tr\u00e8s appr\u00e9ci\u00e9 pour sa durabilit\u00e9 au fil des ans, m\u00eame lorsqu&rsquo;il est expos\u00e9 \u00e0 des facteurs de risque \u00e9lev\u00e9s. L\u00e9ger et mall\u00e9able, c&rsquo;est un bois tendre. Le grain est peu marqu\u00e9 et son aspect n&rsquo;est pas toujours d\u00e9fini. C&rsquo;est donc une solution parfaite pour l&rsquo;ext\u00e9rieur. Disponible en lisse ponc\u00e9. Laqu\u00e9 ou impr\u00e9gn\u00e9.<\/p>\n\t\t\t<\/div>\n            <\/div>\n        <\/div> \n\n\t\t\n    <\/div>  \n    <div class=\"bg-overlay\"><\/div>\n<\/div> \n\t\t\t\n\t\t<\/div>\n\t\t\t<div class=\"the-wood-main-sec\">\n\t\t<div class=\"the-wood-main-sec-in\">\n\t\t\t<div class=\"the-wood-image\">\n\t\t\t   \t\t\t\t<img decoding=\"async\" src=\"https:\/\/www.silvelox.it\/fr\/wp-content\/uploads\/sites\/3\/2022\/11\/In_Wall-Copy.png\" alt=\"\" \/>\n\t\t\t   \t\t\t<\/div>\n\t\t\t<div class=\"the-wood-title\">\n\t\t\t Ch\u00eane\t\t\t<\/div>\n\t\t\t<div class=\"the-wood-button\">\n\t\t\t En savoir plus <img decoding=\"async\" src=\"https:\/\/www.silvelox.it\/fr\/wp-content\/themes\/silvelox-child\/assets\/images\/plus-brown.svg\">\n\t\t\t<\/div>\n\t\t\t<\/div>\n\t\t\t<div class=\"custom-model-main\">\n    <div class=\"custom-model-inner\">   \n\t\n    <div class=\"close-btn\"><img decoding=\"async\" src=\"https:\/\/www.silvelox.it\/fr\/wp-content\/themes\/silvelox-child\/assets\/images\/cross-pop.svg\"><\/div>\n        <div class=\"custom-model-wrap\">\n            <div class=\"pop-up-content-wrap\">\n              <div class=\"the-wood-title-pop\">\n\t\t\t Ch\u00eane\t\t\t<\/div>\n\t\t\t<div class=\"the-wood-content-pop\">\n\t\t\t <p>Le ch\u00eane se caract\u00e9rise par de beaux grains, qui ressortent et cr\u00e9ent un effet esth\u00e9tique tr\u00e8s agr\u00e9able. C&rsquo;est un bois, provenant principalement de Bosnie, de Serbie et d&rsquo;Albanie, qui est tr\u00e8s robuste et garantit une grande durabilit\u00e9. Le bois de ch\u00eane, dans sa couleur naturelle, se pr\u00eate \u00e9galement \u00e0 l&rsquo;usinage brut. Disponible en version lisse ponc\u00e9e, bross\u00e9e ou sci\u00e9e. Laqu\u00e9, impr\u00e9gn\u00e9 ou naturel.<\/p>\n\t\t\t<\/div>\n            <\/div>\n        <\/div> \n\n\t\t\n    <\/div>  \n    <div class=\"bg-overlay\"><\/div>\n<\/div> \n\t\t\t\n\t\t<\/div>\n\t\t\t<div class=\"the-wood-main-sec\">\n\t\t<div class=\"the-wood-main-sec-in\">\n\t\t\t<div class=\"the-wood-image\">\n\t\t\t   \t\t\t\t<img decoding=\"async\" src=\"https:\/\/www.silvelox.it\/fr\/wp-content\/uploads\/sites\/3\/2022\/11\/Maxima-Copy-7.png\" alt=\"\" \/>\n\t\t\t   \t\t\t<\/div>\n\t\t\t<div class=\"the-wood-title\">\n\t\t\t Teck \t\t\t<\/div>\n\t\t\t<div class=\"the-wood-button\">\n\t\t\t En savoir plus <img decoding=\"async\" src=\"https:\/\/www.silvelox.it\/fr\/wp-content\/themes\/silvelox-child\/assets\/images\/plus-brown.svg\">\n\t\t\t<\/div>\n\t\t\t<\/div>\n\t\t\t<div class=\"custom-model-main\">\n    <div class=\"custom-model-inner\">   \n\t\n    <div class=\"close-btn\"><img decoding=\"async\" src=\"https:\/\/www.silvelox.it\/fr\/wp-content\/themes\/silvelox-child\/assets\/images\/cross-pop.svg\"><\/div>\n        <div class=\"custom-model-wrap\">\n            <div class=\"pop-up-content-wrap\">\n              <div class=\"the-wood-title-pop\">\n\t\t\t Teck \t\t\t<\/div>\n\t\t\t<div class=\"the-wood-content-pop\">\n\t\t\t <p>Le bois de teck est un mat\u00e9riau pr\u00e9cieux mondialement connu, issu des for\u00eats tropicales et subtropicales d&rsquo;Asie de l&rsquo;Est, r\u00e9put\u00e9 pour la beaut\u00e9 de son grain de surface et ses excellentes propri\u00e9t\u00e9s physiques. En effet, le teck est un bois hydrofuge, r\u00e9sistant aux embruns sal\u00e9s et aux intemp\u00e9ries, assez robuste, mais en m\u00eame temps doux et facile \u00e0 travailler. Disponible en finition lisse et ponc\u00e9e. Naturel.<\/p>\n\t\t\t<\/div>\n            <\/div>\n        <\/div> \n\n\t\t\n    <\/div>  \n    <div class=\"bg-overlay\"><\/div>\n<\/div> \n\t\t\t\n\t\t<\/div>\n\t\t\t<div class=\"the-wood-main-sec\">\n\t\t<div class=\"the-wood-main-sec-in\">\n\t\t\t<div class=\"the-wood-image\">\n\t\t\t   \t\t\t\t<img decoding=\"async\" src=\"https:\/\/www.silvelox.it\/fr\/wp-content\/uploads\/sites\/3\/2022\/11\/maxima-silvelox-1.png\" alt=\"\" \/>\n\t\t\t   \t\t\t<\/div>\n\t\t\t<div class=\"the-wood-title\">\n\t\t\t M\u00e9l\u00e8ze\t\t\t<\/div>\n\t\t\t<div class=\"the-wood-button\">\n\t\t\t En savoir plus <img decoding=\"async\" src=\"https:\/\/www.silvelox.it\/fr\/wp-content\/themes\/silvelox-child\/assets\/images\/plus-brown.svg\">\n\t\t\t<\/div>\n\t\t\t<\/div>\n\t\t\t<div class=\"custom-model-main\">\n    <div class=\"custom-model-inner\">   \n\t\n    <div class=\"close-btn\"><img decoding=\"async\" src=\"https:\/\/www.silvelox.it\/fr\/wp-content\/themes\/silvelox-child\/assets\/images\/cross-pop.svg\"><\/div>\n        <div class=\"custom-model-wrap\">\n            <div class=\"pop-up-content-wrap\">\n              <div class=\"the-wood-title-pop\">\n\t\t\t M\u00e9l\u00e8ze\t\t\t<\/div>\n\t\t\t<div class=\"the-wood-content-pop\">\n\t\t\t <p>Le m\u00e9l\u00e8ze est un bois pr\u00e9cieux, compact et robuste, c&rsquo;est l&rsquo;arbre de montagne typique de l&rsquo;Europe centrale et des Alpes italiennes, stable et r\u00e9sistant bien aux intemp\u00e9ries, id\u00e9al pour la production de menuiseries ext\u00e9rieures de moyenne et haute gamme. Aspect caract\u00e9ris\u00e9 par une texture moyennement fine et un grain souvent irr\u00e9gulier. Excellente r\u00e9sistance et stabilit\u00e9 gr\u00e2ce \u00e0 la duret\u00e9 du bois de m\u00e9l\u00e8ze, qui s\u00e8che bien et se travaille facilement. Excellente r\u00e9sistance \u00e0 l&rsquo;eau. Disponible en finition lisse ponc\u00e9e ou bross\u00e9e. Laqu\u00e9, impr\u00e9gn\u00e9 ou naturel.<\/p>\n\t\t\t<\/div>\n            <\/div>\n        <\/div> \n\n\t\t\n    <\/div>  \n    <div class=\"bg-overlay\"><\/div>\n<\/div> \n\t\t\t\n\t\t<\/div>\n\t\t\t<div class=\"the-wood-main-sec\">\n\t\t<div class=\"the-wood-main-sec-in\">\n\t\t\t<div class=\"the-wood-image\">\n\t\t\t   \t\t\t\t<img decoding=\"async\" src=\"https:\/\/www.silvelox.it\/fr\/wp-content\/uploads\/sites\/3\/2022\/11\/Bitmap-20.png\" alt=\"\" \/>\n\t\t\t   \t\t\t<\/div>\n\t\t\t<div class=\"the-wood-title\">\n\t\t\t M\u00e9l\u00e8ze cuit\t\t\t<\/div>\n\t\t\t<div class=\"the-wood-button\">\n\t\t\t En savoir plus <img decoding=\"async\" src=\"https:\/\/www.silvelox.it\/fr\/wp-content\/themes\/silvelox-child\/assets\/images\/plus-brown.svg\">\n\t\t\t<\/div>\n\t\t\t<\/div>\n\t\t\t<div class=\"custom-model-main\">\n    <div class=\"custom-model-inner\">   \n\t\n    <div class=\"close-btn\"><img decoding=\"async\" src=\"https:\/\/www.silvelox.it\/fr\/wp-content\/themes\/silvelox-child\/assets\/images\/cross-pop.svg\"><\/div>\n        <div class=\"custom-model-wrap\">\n            <div class=\"pop-up-content-wrap\">\n              <div class=\"the-wood-title-pop\">\n\t\t\t M\u00e9l\u00e8ze cuit\t\t\t<\/div>\n\t\t\t<div class=\"the-wood-content-pop\">\n\t\t\t <p>La diffusion du bois trait\u00e9 thermiquement s&rsquo;est faite au cours des dix derni\u00e8res ann\u00e9es avec un double objectif : rendre le bois plus r\u00e9sistant aux agents atmosph\u00e9riques et donner une coloration aux tons chauds \u00e0 toute l&rsquo;\u00e9paisseur trait\u00e9e, en \u00e9vitant ainsi la phase de coloration artificielle, ainsi que son \u00e9ventuelle d\u00e9coloration dans les zones de plus grande usure. Le m\u00e9l\u00e8ze cuit d&rsquo;Europe centrale et des Alpes italiennes est aussi facile \u00e0 travailler que le m\u00e9l\u00e8ze normal, \u00e0 l&rsquo;exception d&rsquo;une plus grande tendance \u00e0 l&rsquo;\u00e9clatement sur les bords en raison de la plus grande duret\u00e9 conf\u00e9r\u00e9e par la cuisson. Cette duret\u00e9 le rend un peu plus cassant sans toutefois poser de probl\u00e8mes particuliers pour la tenue des fixations.<\/p>\n\t\t\t<\/div>\n            <\/div>\n        <\/div> \n\n\t\t\n    <\/div>  \n    <div class=\"bg-overlay\"><\/div>\n<\/div> \n\t\t\t\n\t\t<\/div>\n\t\t\t<div class=\"the-wood-main-sec\">\n\t\t<div class=\"the-wood-main-sec-in\">\n\t\t\t<div class=\"the-wood-image\">\n\t\t\t   \t\t\t\t<img decoding=\"async\" src=\"https:\/\/www.silvelox.it\/fr\/wp-content\/uploads\/sites\/3\/2022\/11\/porte-blindate-in-wall.png\" alt=\"\" \/>\n\t\t\t   \t\t\t<\/div>\n\t\t\t<div class=\"the-wood-title\">\n\t\t\t Weng\u00e9\t\t\t<\/div>\n\t\t\t<div class=\"the-wood-button\">\n\t\t\t En savoir plus <img decoding=\"async\" src=\"https:\/\/www.silvelox.it\/fr\/wp-content\/themes\/silvelox-child\/assets\/images\/plus-brown.svg\">\n\t\t\t<\/div>\n\t\t\t<\/div>\n\t\t\t<div class=\"custom-model-main\">\n    <div class=\"custom-model-inner\">   \n\t\n    <div class=\"close-btn\"><img decoding=\"async\" src=\"https:\/\/www.silvelox.it\/fr\/wp-content\/themes\/silvelox-child\/assets\/images\/cross-pop.svg\"><\/div>\n        <div class=\"custom-model-wrap\">\n            <div class=\"pop-up-content-wrap\">\n              <div class=\"the-wood-title-pop\">\n\t\t\t Weng\u00e9\t\t\t<\/div>\n\t\t\t<div class=\"the-wood-content-pop\">\n\t\t\t <p>Le weng\u00e9, originaire d&rsquo;Afrique \u00e9quatoriale, est un bois remarquable par sa conformation, son \u00e9paisseur et ses nuances de couleur : il varie du jaune clair, avec des veines l\u00e9g\u00e8rement plus fonc\u00e9es, \u00e0 des couleurs intenses, tendant vers le brun, avec des veines noires. Il est tr\u00e8s r\u00e9sistant, ce qui en fait une mati\u00e8re premi\u00e8re id\u00e9ale pour la construction de meubles. En raison de sa robustesse et de sa r\u00e9sistance, le bois de weng\u00e9 est difficile et laborieux \u00e0 travailler : les processus de s\u00e9chage et de maturation sont longs, ce qui explique que le co\u00fbt d&rsquo;un meuble ou de dalles pour recouvrir les sols avec ce mat\u00e9riau soit plus \u00e9lev\u00e9. Disponible en finition lisse ponc\u00e9e et naturelle.<\/p>\n\t\t\t<\/div>\n            <\/div>\n        <\/div> \n\n\t\t\n    <\/div>  \n    <div class=\"bg-overlay\"><\/div>\n<\/div> \n\t\t\t\n\t\t<\/div>\n\t\t\t<div class=\"the-wood-main-sec\">\n\t\t<div class=\"the-wood-main-sec-in\">\n\t\t\t<div class=\"the-wood-image\">\n\t\t\t   \t\t\t\t<img decoding=\"async\" src=\"https:\/\/www.silvelox.it\/fr\/wp-content\/uploads\/sites\/3\/2022\/11\/maxima-silvelox-2.png\" alt=\"\" \/>\n\t\t\t   \t\t\t<\/div>\n\t\t\t<div class=\"the-wood-title\">\n\t\t\t Noyer national\t\t\t<\/div>\n\t\t\t<div class=\"the-wood-button\">\n\t\t\t En savoir plus <img decoding=\"async\" src=\"https:\/\/www.silvelox.it\/fr\/wp-content\/themes\/silvelox-child\/assets\/images\/plus-brown.svg\">\n\t\t\t<\/div>\n\t\t\t<\/div>\n\t\t\t<div class=\"custom-model-main\">\n    <div class=\"custom-model-inner\">   \n\t\n    <div class=\"close-btn\"><img decoding=\"async\" src=\"https:\/\/www.silvelox.it\/fr\/wp-content\/themes\/silvelox-child\/assets\/images\/cross-pop.svg\"><\/div>\n        <div class=\"custom-model-wrap\">\n            <div class=\"pop-up-content-wrap\">\n              <div class=\"the-wood-title-pop\">\n\t\t\t Noyer national\t\t\t<\/div>\n\t\t\t<div class=\"the-wood-content-pop\">\n\t\t\t <p>Le noyer national est un bois tr\u00e8s pr\u00e9cieux, parmi les meilleurs en termes de qualit\u00e9, de facilit\u00e9 de transformation et de r\u00e9sistance. Le bois pr\u00e9sente une bonne r\u00e9sistance m\u00e9canique et une stabilit\u00e9 moyenne \u00e0 \u00e9lev\u00e9e. La couleur peut aller du brun clair au brun fonc\u00e9 (en fonction des diff\u00e9rents types de sols et de climats dans lesquels le noyer pousse) et a tendance \u00e0 s&rsquo;assombrir avec le temps. Le noyer am\u00e9ricain, connu sous le nom de noyer Canaletto, pr\u00e9sente des caract\u00e9ristiques sp\u00e9cifiques par rapport au noyer europ\u00e9en. Le noyer Canaletto se caract\u00e9rise par une teinte brune homog\u00e8ne, tr\u00e8s fonc\u00e9e et profonde, avec moins de nuances que le noyer europ\u00e9en ; cependant, chaque planche conserve sa propre individualit\u00e9. Disponible en finition lisse ponc\u00e9e et naturelle.<\/p>\n\t\t\t<\/div>\n            <\/div>\n        <\/div> \n\n\t\t\n    <\/div>  \n    <div class=\"bg-overlay\"><\/div>\n<\/div> \n\t\t\t\n\t\t<\/div>\n\t\n \n\n\n<\/div>  \n      \n\n\n\n<\/div>\n\t\t\t\t\t\t<\/div>\n\t\t\t\t<\/div>\n\t\t\t\t\t<\/div>\n\t\t<\/div>\n\t\t\t\t\t<\/div>\n\t\t<\/section>\n\t\t\t\t<section class=\"elementor-section elementor-top-section elementor-element elementor-element-2efa9d3 pro-sec-nine elementor-section-boxed elementor-section-height-default elementor-section-height-default elementor-invisible\" data-id=\"2efa9d3\" data-element_type=\"section\" data-e-type=\"section\" data-settings=\"{&quot;animation&quot;:&quot;fadeIn&quot;}\">\n\t\t\t\t\t\t<div class=\"elementor-container elementor-column-gap-default\">\n\t\t\t\t\t<div class=\"elementor-column elementor-col-66 elementor-top-column elementor-element elementor-element-7abfbea la-lefts\" data-id=\"7abfbea\" data-element_type=\"column\" data-e-type=\"column\">\n\t\t\t<div class=\"elementor-widget-wrap elementor-element-populated\">\n\t\t\t\t\t\t<div class=\"elementor-element elementor-element-e1c8396 elementor-widget elementor-widget-image\" data-id=\"e1c8396\" data-element_type=\"widget\" data-e-type=\"widget\" data-widget_type=\"image.default\">\n\t\t\t\t<div class=\"elementor-widget-container\">\n\t\t\t\t\t\t\t\t\t\t\t\t\t\t\t<img loading=\"lazy\" decoding=\"async\" width=\"568\" height=\"453\" src=\"https:\/\/www.silvelox.it\/fr\/wp-content\/uploads\/sites\/3\/2023\/04\/p1.png\" class=\"attachment-full size-full wp-image-7947\" alt=\"\" srcset=\"https:\/\/www.silvelox.it\/fr\/wp-content\/uploads\/sites\/3\/2023\/04\/p1.png 568w, https:\/\/www.silvelox.it\/fr\/wp-content\/uploads\/sites\/3\/2023\/04\/p1-300x239.png 300w\" sizes=\"(max-width: 568px) 100vw, 568px\" \/>\t\t\t\t\t\t\t\t\t\t\t\t\t\t\t<\/div>\n\t\t\t\t<\/div>\n\t\t\t\t\t<\/div>\n\t\t<\/div>\n\t\t\t\t<div class=\"elementor-column elementor-col-33 elementor-top-column elementor-element elementor-element-e27a08f specialist-sec-home\" data-id=\"e27a08f\" data-element_type=\"column\" data-e-type=\"column\">\n\t\t\t<div class=\"elementor-widget-wrap elementor-element-populated\">\n\t\t\t\t\t\t<div class=\"elementor-element elementor-element-986ddd3 font-size-25 elementor-widget elementor-widget-heading\" data-id=\"986ddd3\" data-element_type=\"widget\" data-e-type=\"widget\" data-widget_type=\"heading.default\">\n\t\t\t\t<div class=\"elementor-widget-container\">\n\t\t\t\t\t<h2 class=\"elementor-heading-title elementor-size-default\">Technologie de finition de la surface des panneaux pour une garantie maximale<\/h2>\t\t\t\t<\/div>\n\t\t\t\t<\/div>\n\t\t\t\t<div class=\"elementor-element elementor-element-2cde86a elementor-widget elementor-widget-text-editor\" data-id=\"2cde86a\" data-element_type=\"widget\" data-e-type=\"widget\" data-widget_type=\"text-editor.default\">\n\t\t\t\t<div class=\"elementor-widget-container\">\n\t\t\t\t\t\t\t\t\t<p>Chaque porte Silvelox est un produit unique dont la mati\u00e8re premi\u00e8re est le bois. Le bois est un mat\u00e9riau vivant qui, de par sa nature m\u00eame, est sujet \u00e0 des changements d\u00e9termin\u00e9s par des facteurs externes tels que la lumi\u00e8re du soleil, la temp\u00e9rature, l&rsquo;humidit\u00e9 ambiante et l&rsquo;utilisation quotidienne. Les variations de couleur sont normales, le bois peut \u00e9galement subir des changements dimensionnels en fonction de la temp\u00e9rature et de l&rsquo;humidit\u00e9 de l&rsquo;environnement. Dans les conditions les plus critiques, de l\u00e9g\u00e8res fissures peuvent appara\u00eetre, qui tendront \u00e0 s&rsquo;att\u00e9nuer une fois les conditions climatiques \u00e9tablies. Il faut donc s&rsquo;attendre \u00e0 ce que les portes subissent, au fil du temps, de l\u00e9g\u00e8res modifications qui, toutefois, n&rsquo;ont d&rsquo;autre effet que d&rsquo;accro\u00eetre leur beaut\u00e9 et leur charme, comme c&rsquo;est le cas pour n&rsquo;importe quel mat\u00e9riau naturel. Un processus \u00e9tudi\u00e9 en plusieurs \u00e9tapes de peinture \u00e0 l&rsquo;aide d&rsquo;une installation technologiquement avanc\u00e9e, unique en Italie dans le secteur des portes d&rsquo;entr\u00e9e et de garage.\u00a0<\/p>\t\t\t\t\t\t\t\t<\/div>\n\t\t\t\t<\/div>\n\t\t\t\t\t<\/div>\n\t\t<\/div>\n\t\t\t\t\t<\/div>\n\t\t<\/section>\n\t\t\t\t<section class=\"elementor-section elementor-top-section elementor-element elementor-element-c85a643 elementor-section-boxed elementor-section-height-default elementor-section-height-default elementor-invisible\" data-id=\"c85a643\" data-element_type=\"section\" data-e-type=\"section\" data-settings=\"{&quot;animation&quot;:&quot;fadeIn&quot;}\">\n\t\t\t\t\t\t<div class=\"elementor-container elementor-column-gap-default\">\n\t\t\t\t\t<div class=\"elementor-column elementor-col-50 elementor-top-column elementor-element elementor-element-2b1760f kavo-pan\" data-id=\"2b1760f\" data-element_type=\"column\" data-e-type=\"column\">\n\t\t\t<div class=\"elementor-widget-wrap elementor-element-populated\">\n\t\t\t\t\t\t<div class=\"elementor-element elementor-element-ff1a44e elementor-widget elementor-widget-heading\" data-id=\"ff1a44e\" data-element_type=\"widget\" data-e-type=\"widget\" data-widget_type=\"heading.default\">\n\t\t\t\t<div class=\"elementor-widget-container\">\n\t\t\t\t\t<div class=\"elementor-heading-title elementor-size-default\">Proc\u00e9d\u00e9 pour le traitement de panneaux laqu\u00e9s<\/div>\t\t\t\t<\/div>\n\t\t\t\t<\/div>\n\t\t\t\t<div class=\"elementor-element elementor-element-83966bc elementor-widget elementor-widget-text-editor\" data-id=\"83966bc\" data-element_type=\"widget\" data-e-type=\"widget\" data-widget_type=\"text-editor.default\">\n\t\t\t\t<div class=\"elementor-widget-container\">\n\t\t\t\t\t\t\t\t\t<p><span class=\"kavo.pan\">1<\/span>. D\u00e9p\u00f4t d&rsquo;impr\u00e9gnation color\u00e9 avec des produits de pr\u00e9servation du bois de premi\u00e8re qualit\u00e9<\/p><p><span class=\"kavo.pan\">2<\/span>. Passage au four \u00e0 environ 40\u00b0 C<\/p><p><span class=\"kavo.pan\">3<\/span>. Application d&rsquo;une couche de fond mouillante avec des absorbeurs d&rsquo;UV de premi\u00e8re qualit\u00e9<\/p><p><span class=\"kavo.pan\">4<\/span>. Passage au four \u00e0 environ 45\u00b0 C<\/p><p><span class=\"kavo.pan\">5<\/span>. D\u00e9p\u00f4t de la lasure teint\u00e9 dans la couleur de votre choix avec du lin ext\u00e9rieur, qualit\u00e9 sup\u00e9rieure<\/p><p><span class=\"kavo.pan\">6<\/span>. Passage au four \u00e0 45\u00b0 C\u00a0<\/p>\t\t\t\t\t\t\t\t<\/div>\n\t\t\t\t<\/div>\n\t\t\t\t\t<\/div>\n\t\t<\/div>\n\t\t\t\t<div class=\"elementor-column elementor-col-50 elementor-top-column elementor-element elementor-element-0e9031c kavo-pan\" data-id=\"0e9031c\" data-element_type=\"column\" data-e-type=\"column\">\n\t\t\t<div class=\"elementor-widget-wrap elementor-element-populated\">\n\t\t\t\t\t\t<div class=\"elementor-element elementor-element-d988e0d elementor-widget elementor-widget-heading\" data-id=\"d988e0d\" data-element_type=\"widget\" data-e-type=\"widget\" data-widget_type=\"heading.default\">\n\t\t\t\t<div class=\"elementor-widget-container\">\n\t\t\t\t\t<div class=\"elementor-heading-title elementor-size-default\">Processus de fabrication des panneaux impr\u00e9gn\u00e9s<\/div>\t\t\t\t<\/div>\n\t\t\t\t<\/div>\n\t\t\t\t<div class=\"elementor-element elementor-element-96adc08 elementor-widget elementor-widget-text-editor\" data-id=\"96adc08\" data-element_type=\"widget\" data-e-type=\"widget\" data-widget_type=\"text-editor.default\">\n\t\t\t\t<div class=\"elementor-widget-container\">\n\t\t\t\t\t\t\t\t\t<p><span class=\"kavo.pan\">1<\/span>. D\u00e9p\u00f4t d&rsquo;un mat\u00e9riau d&rsquo;impr\u00e9gnation hybride \u00e0 haute p\u00e9n\u00e9tration.<\/p>\n<p><span class=\"kavo.pan\">2<\/span>. Passage au four \u00e0 environ 40\u00b0.<\/p>\n<p><span class=\"kavo.pan\">3<\/span>. D\u00e9p\u00f4t d&rsquo;un mat\u00e9riau anti-fissure pour le bois \u00e0 pores ouverts destin\u00e9 \u00e0 un usage ext\u00e9rieur.<\/p>\n<p><span class=\"kavo.pan\">4<\/span>. Passage au four \u00e0 environ 45\u00b0<\/p>\n<p><span class=\"kavo.pan\">5<\/span>. Pon\u00e7age de l&rsquo;enduit, pr\u00e9paration \u00e0 la peinture, le tout enti\u00e8rement \u00e0 la main<\/p>\n<p><span class=\"kavo.pan\">6<\/span>. Application de la peinture RAL au choix pigment\u00e9 de haute durabilit\u00e9 <\/p>\n<p><span class=\"kavo.pan\">7<\/span>. Passage au four \u00e0 45\u00b0 C&nbsp;<\/p>\t\t\t\t\t\t\t\t<\/div>\n\t\t\t\t<\/div>\n\t\t\t\t\t<\/div>\n\t\t<\/div>\n\t\t\t\t\t<\/div>\n\t\t<\/section>\n\t\t\t\t<section class=\"elementor-section elementor-top-section elementor-element elementor-element-559601c pro-sec-eleven elementor-section-boxed elementor-section-height-default elementor-section-height-default elementor-invisible\" data-id=\"559601c\" data-element_type=\"section\" data-e-type=\"section\" data-settings=\"{&quot;animation&quot;:&quot;fadeIn&quot;}\">\n\t\t\t\t\t\t<div class=\"elementor-container elementor-column-gap-default\">\n\t\t\t\t\t<div class=\"elementor-column elementor-col-100 elementor-top-column elementor-element elementor-element-4ce0d91 estero-sec\" data-id=\"4ce0d91\" data-element_type=\"column\" data-e-type=\"column\">\n\t\t\t<div class=\"elementor-widget-wrap elementor-element-populated\">\n\t\t\t\t\t\t<div class=\"elementor-element elementor-element-abba0e4 elementor-widget elementor-widget-heading\" data-id=\"abba0e4\" data-element_type=\"widget\" data-e-type=\"widget\" data-widget_type=\"heading.default\">\n\t\t\t\t<div class=\"elementor-widget-container\">\n\t\t\t\t\t<div class=\"elementor-heading-title elementor-size-default\">Rev\u00eatements d'ext\u00e9rieur garantis 15 et 12 ans<\/div>\t\t\t\t<\/div>\n\t\t\t\t<\/div>\n\t\t\t\t<div class=\"elementor-element elementor-element-5ccf507 elementor-widget elementor-widget-text-editor\" data-id=\"5ccf507\" data-element_type=\"widget\" data-e-type=\"widget\" data-widget_type=\"text-editor.default\">\n\t\t\t\t<div class=\"elementor-widget-container\">\n\t\t\t\t\t\t\t\t\t<p>Une s\u00e9rie de proc\u00e9d\u00e9s de peinture personnalis\u00e9s pour les panneaux laqu\u00e9s ou lasur\u00e9s qui visent \u00e0 garantir le produit fini au-del\u00e0 de la garantie commerciale :\u00a0<\/p>\t\t\t\t\t\t\t\t<\/div>\n\t\t\t\t<\/div>\n\t\t\t\t<div class=\"elementor-element elementor-element-6620474 elementor-icon-list--layout-inline panelli-sec elementor-list-item-link-full_width elementor-widget elementor-widget-icon-list\" data-id=\"6620474\" data-element_type=\"widget\" data-e-type=\"widget\" data-widget_type=\"icon-list.default\">\n\t\t\t\t<div class=\"elementor-widget-container\">\n\t\t\t\t\t\t\t<ul class=\"elementor-icon-list-items elementor-inline-items\">\n\t\t\t\t\t\t\t<li class=\"elementor-icon-list-item elementor-inline-item\">\n\t\t\t\t\t\t\t\t\t\t<span class=\"elementor-icon-list-text\">Panneaux en essence de bois lasur\u00e9s 12 ans de garantie<\/span>\n\t\t\t\t\t\t\t\t\t<\/li>\n\t\t\t\t\t\t\t\t<li class=\"elementor-icon-list-item elementor-inline-item\">\n\t\t\t\t\t\t\t\t\t\t<span class=\"elementor-icon-list-text\">Panneaux en essence de bois laqu\u00e9s 15 ans de garantie<\/span>\n\t\t\t\t\t\t\t\t\t<\/li>\n\t\t\t\t\t\t\t\t<li class=\"elementor-icon-list-item elementor-inline-item\">\n\t\t\t\t\t\t\t\t\t\t<span class=\"elementor-icon-list-text\">Panneaux en essence de bois naturel transparent pour l\u2019ext\u00e9rieur pigment\u00e9 blanc ou transparent pour int\u00e9rieur 0 gloss 5 ans de garantie<\/span>\n\t\t\t\t\t\t\t\t\t<\/li>\n\t\t\t\t\t\t<\/ul>\n\t\t\t\t\t\t<\/div>\n\t\t\t\t<\/div>\n\t\t\t\t\t<\/div>\n\t\t<\/div>\n\t\t\t\t\t<\/div>\n\t\t<\/section>\n\t\t\t\t<section class=\"elementor-section elementor-top-section elementor-element elementor-element-7053155 mecc-sec-three elementor-section-boxed elementor-section-height-default elementor-section-height-default elementor-invisible\" data-id=\"7053155\" data-element_type=\"section\" data-e-type=\"section\" data-settings=\"{&quot;animation&quot;:&quot;fadeIn&quot;}\">\n\t\t\t\t\t\t<div class=\"elementor-container elementor-column-gap-default\">\n\t\t\t\t\t<div class=\"elementor-column elementor-col-100 elementor-top-column elementor-element elementor-element-37c871e\" data-id=\"37c871e\" data-element_type=\"column\" data-e-type=\"column\">\n\t\t\t<div class=\"elementor-widget-wrap elementor-element-populated\">\n\t\t\t\t\t\t<div class=\"elementor-element elementor-element-59d78c3 font-size-35  rivest elementor-widget elementor-widget-heading\" data-id=\"59d78c3\" data-element_type=\"widget\" data-e-type=\"widget\" data-widget_type=\"heading.default\">\n\t\t\t\t<div class=\"elementor-widget-container\">\n\t\t\t\t\t<h2 class=\"elementor-heading-title elementor-size-default\">Rev\u00eatements<\/h2>\t\t\t\t<\/div>\n\t\t\t\t<\/div>\n\t\t\t\t<section class=\"elementor-section elementor-inner-section elementor-element elementor-element-10ca06f elementor-section-boxed elementor-section-height-default elementor-section-height-default\" data-id=\"10ca06f\" data-element_type=\"section\" data-e-type=\"section\">\n\t\t\t\t\t\t<div class=\"elementor-container elementor-column-gap-default\">\n\t\t\t\t\t<div class=\"elementor-column elementor-col-50 elementor-inner-column elementor-element elementor-element-c077bb1 lo-spe-sec\" data-id=\"c077bb1\" data-element_type=\"column\" data-e-type=\"column\">\n\t\t\t<div class=\"elementor-widget-wrap elementor-element-populated\">\n\t\t\t\t\t\t<div class=\"elementor-element elementor-element-24a6dbe elementor-vertical-align-top elementor-widget elementor-widget-image-box\" data-id=\"24a6dbe\" data-element_type=\"widget\" data-e-type=\"widget\" data-widget_type=\"image-box.default\">\n\t\t\t\t<div class=\"elementor-widget-container\">\n\t\t\t\t\t<div class=\"elementor-image-box-wrapper\"><div class=\"elementor-image-box-content\"><h3 class=\"elementor-image-box-title\">HDF<\/h3><p class=\"elementor-image-box-description\">Le HDF (High Density Fibre) est un panneau compos\u00e9 de fibres de bois agr\u00e9g\u00e9es \u00e0 sec avec des liants en r\u00e9sine thermodurcissable. Ce panneau moderne en fibres de bois est disponible en version lisse et pantograph\u00e9e, en finition brute ou laqu\u00e9e pour une utilisation en int\u00e9rieur. Epaisseurs disponibles : 6 mm, 10 mm, 14 mm, 16 mm.<\/p><\/div><\/div>\t\t\t\t<\/div>\n\t\t\t\t<\/div>\n\t\t\t\t\t<\/div>\n\t\t<\/div>\n\t\t\t\t<div class=\"elementor-column elementor-col-50 elementor-inner-column elementor-element elementor-element-e7f4340 lo-spe-sec\" data-id=\"e7f4340\" data-element_type=\"column\" data-e-type=\"column\">\n\t\t\t<div class=\"elementor-widget-wrap elementor-element-populated\">\n\t\t\t\t\t\t<div class=\"elementor-element elementor-element-1ec27fb elementor-vertical-align-top elementor-widget elementor-widget-image-box\" data-id=\"1ec27fb\" data-element_type=\"widget\" data-e-type=\"widget\" data-widget_type=\"image-box.default\">\n\t\t\t\t<div class=\"elementor-widget-container\">\n\t\t\t\t\t<div class=\"elementor-image-box-wrapper\"><div class=\"elementor-image-box-content\"><h3 class=\"elementor-image-box-title\">M\u00c9LAMIN\u00c9<\/h3><p class=\"elementor-image-box-description\">Le panneau m\u00e9lamin\u00e9 est constitu\u00e9 d'un panneau de particules rev\u00eatu sur une face de papier m\u00e9lamin\u00e9, un mat\u00e9riau synth\u00e9tique compos\u00e9 de feuilles de papier impr\u00e9gn\u00e9es de r\u00e9sine de m\u00e9lamine. Les m\u00e9lamin\u00e9s se caract\u00e9risent par une excellente r\u00e9sistance \u00e0 l'abrasion et un haut degr\u00e9 de finition et de d\u00e9tails esth\u00e9tiques pour une utilisation dans des environnements int\u00e9rieurs. Epaisseurs disponibles : 6 mm.<\/p><\/div><\/div>\t\t\t\t<\/div>\n\t\t\t\t<\/div>\n\t\t\t\t\t<\/div>\n\t\t<\/div>\n\t\t\t\t\t<\/div>\n\t\t<\/section>\n\t\t\t\t<section class=\"elementor-section elementor-inner-section elementor-element elementor-element-3fad2e3 elementor-section-boxed elementor-section-height-default elementor-section-height-default\" data-id=\"3fad2e3\" data-element_type=\"section\" data-e-type=\"section\">\n\t\t\t\t\t\t<div class=\"elementor-container elementor-column-gap-default\">\n\t\t\t\t\t<div class=\"elementor-column elementor-col-50 elementor-inner-column elementor-element elementor-element-92871ab lo-spe-sec\" data-id=\"92871ab\" data-element_type=\"column\" data-e-type=\"column\">\n\t\t\t<div class=\"elementor-widget-wrap elementor-element-populated\">\n\t\t\t\t\t\t<div class=\"elementor-element elementor-element-0117255 elementor-vertical-align-top elementor-widget elementor-widget-image-box\" data-id=\"0117255\" data-element_type=\"widget\" data-e-type=\"widget\" data-widget_type=\"image-box.default\">\n\t\t\t\t<div class=\"elementor-widget-container\">\n\t\t\t\t\t<div class=\"elementor-image-box-wrapper\"><div class=\"elementor-image-box-content\"><h3 class=\"elementor-image-box-title\">TRANCHES<\/h3><p class=\"elementor-image-box-description\">Le panneau de placage est constitu\u00e9 de panneaux de particules recouverts sur une face d'un placage d\u00e9coratif en bois. Sa stabilit\u00e9, l'uniformit\u00e9 de son \u00e9paisseur et ses caract\u00e9ristiques m\u00e9caniques en font un produit d'un excellent rapport qualit\u00e9\/prix pour une utilisation en milieu int\u00e9rieur. \u00c9paisseurs disponibles : 6 mm.<\/p><\/div><\/div>\t\t\t\t<\/div>\n\t\t\t\t<\/div>\n\t\t\t\t\t<\/div>\n\t\t<\/div>\n\t\t\t\t<div class=\"elementor-column elementor-col-50 elementor-inner-column elementor-element elementor-element-a2ff7e6 lo-spe-sec\" data-id=\"a2ff7e6\" data-element_type=\"column\" data-e-type=\"column\">\n\t\t\t<div class=\"elementor-widget-wrap elementor-element-populated\">\n\t\t\t\t\t\t<div class=\"elementor-element elementor-element-645ad38 elementor-vertical-align-top elementor-widget elementor-widget-image-box\" data-id=\"645ad38\" data-element_type=\"widget\" data-e-type=\"widget\" data-widget_type=\"image-box.default\">\n\t\t\t\t<div class=\"elementor-widget-container\">\n\t\t\t\t\t<div class=\"elementor-image-box-wrapper\"><div class=\"elementor-image-box-content\"><h3 class=\"elementor-image-box-title\">CONTREPLAQU\u00c9 AVEC SURFACE EN ESSENCE DE BOIS<\/h3><p class=\"elementor-image-box-description\">Le panneau de contreplaqu\u00e9 avec surface en bois d\u00e9coratif pr\u00e9sente une couche de m\u00eame mat\u00e9riau et qualit\u00e9 que le bois de surface, ins\u00e9r\u00e9e \u00e0 une profondeur pr\u00e9d\u00e9termin\u00e9e dans l'\u00e9paisseur finale du panneau. Gr\u00e2ce \u00e0 ce type de construction, le panneau peut \u00eatre grav\u00e9 au pantographe, usin\u00e9 en menuiserie et peint avec un cycle \u00e0 base d'eau, qui met en valeur la couleur dans tous ses tons et le bois dans ses nombreuses nuances, garantissant un excellent r\u00e9sultat esth\u00e9tique pour une utilisation dans toutes les applications ext\u00e9rieures. Epaisseurs disponibles : 10 mm, 14 mm, 15 mm.<\/p><\/div><\/div>\t\t\t\t<\/div>\n\t\t\t\t<\/div>\n\t\t\t\t\t<\/div>\n\t\t<\/div>\n\t\t\t\t\t<\/div>\n\t\t<\/section>\n\t\t\t\t<section class=\"elementor-section elementor-inner-section elementor-element elementor-element-56a13a3 elementor-section-boxed elementor-section-height-default elementor-section-height-default\" data-id=\"56a13a3\" data-element_type=\"section\" data-e-type=\"section\">\n\t\t\t\t\t\t<div class=\"elementor-container elementor-column-gap-default\">\n\t\t\t\t\t<div class=\"elementor-column elementor-col-50 elementor-inner-column elementor-element elementor-element-634d531 lo-spe-sec\" data-id=\"634d531\" data-element_type=\"column\" data-e-type=\"column\">\n\t\t\t<div class=\"elementor-widget-wrap elementor-element-populated\">\n\t\t\t\t\t\t<div class=\"elementor-element elementor-element-e5a27da elementor-vertical-align-top elementor-widget elementor-widget-image-box\" data-id=\"e5a27da\" data-element_type=\"widget\" data-e-type=\"widget\" data-widget_type=\"image-box.default\">\n\t\t\t\t<div class=\"elementor-widget-container\">\n\t\t\t\t\t<div class=\"elementor-image-box-wrapper\"><div class=\"elementor-image-box-content\"><h3 class=\"elementor-image-box-title\">CONTREPLAQU\u00c9 MARIN AVEC PLACAGE D\u2019ESSENCE DE BOIS NOBLE<\/h3><p class=\"elementor-image-box-description\">Le panneau de contreplaqu\u00e9 marine okoum\u00e9 est affin\u00e9 avec des placages nobles de bois assembl\u00e9s au moyen de machines \u00e0 assembler automatiques. L'op\u00e9rateur s\u00e9lectionne les feuilles de placage afin d'obtenir un alignement optimal des veines. L'op\u00e9rateur effectue ensuite un nouveau contr\u00f4le, feuille par feuille, pour s'assurer que le mat\u00e9riau est exempt de d\u00e9fauts. L'habilet\u00e9 et l'attention de l'op\u00e9rateur sont cruciales \u00e0 chaque \u00e9tape de ce processus d\u00e9licat. Une fois la feuille de placage obtenue avec la qualit\u00e9 souhait\u00e9e, le collage est effectu\u00e9 sur un panneau d'okoum\u00e9. La finition d'un panneau d'okoum\u00e9 est une op\u00e9ration manuelle r\u00e9alis\u00e9e par des op\u00e9rateurs experts dans la menuiserie interne de Silvelox. Gr\u00e2ce \u00e0 ce type de construction, le panneau peut \u00eatre grav\u00e9 \u00e0 l'aide d'un pantographe, travaill\u00e9 dans la menuiserie et, une fois termin\u00e9, peint avec un cycle \u00e0 base d'eau, ce qui garantit un excellent r\u00e9sultat esth\u00e9tique pour toutes les applications en ext\u00e9rieur. Epaisseurs disponibles : 10 mm, 14 mm, 15 mm<\/p><\/div><\/div>\t\t\t\t<\/div>\n\t\t\t\t<\/div>\n\t\t\t\t\t<\/div>\n\t\t<\/div>\n\t\t\t\t<div class=\"elementor-column elementor-col-50 elementor-inner-column elementor-element elementor-element-0f29cf1 lo-spe-sec\" data-id=\"0f29cf1\" data-element_type=\"column\" data-e-type=\"column\">\n\t\t\t<div class=\"elementor-widget-wrap elementor-element-populated\">\n\t\t\t\t\t\t<div class=\"elementor-element elementor-element-0500afd elementor-vertical-align-top elementor-widget elementor-widget-image-box\" data-id=\"0500afd\" data-element_type=\"widget\" data-e-type=\"widget\" data-widget_type=\"image-box.default\">\n\t\t\t\t<div class=\"elementor-widget-container\">\n\t\t\t\t\t<div class=\"elementor-image-box-wrapper\"><div class=\"elementor-image-box-content\"><h3 class=\"elementor-image-box-title\">ALUMINIUM<\/h3><p class=\"elementor-image-box-description\">Le panneau est constitu\u00e9 de feuilles d'aluminium trait\u00e9es avec des peintures anticorrosives sp\u00e9cifiques. La t\u00f4le ext\u00e9rieure en aluminium avec finition a une \u00e9paisseur de 12\/10 mm. La t\u00f4le int\u00e9rieure de 5\/10 mm est lisse et rev\u00eatue d'une couche de protection. Le noyau central du panneau, sur lequel reposent les t\u00f4les d'aluminium, est form\u00e9 par un support MDF (Medium Density Fibre) de 5 mm. Cette solution de construction est adapt\u00e9e \u00e0 toutes les applications int\u00e9rieures ou, gr\u00e2ce \u00e0 un support en polyur\u00e9thane, elle est totalement imperm\u00e9able et peut \u00eatre install\u00e9e m\u00eame dans des environnements soumis \u00e0 l'humidit\u00e9. Des conceptions personnalis\u00e9es sont possibles, compl\u00e9tant une gamme de plus de 50 mod\u00e8les. Epaisseurs disponibles : 7 mm<\/p><\/div><\/div>\t\t\t\t<\/div>\n\t\t\t\t<\/div>\n\t\t\t\t\t<\/div>\n\t\t<\/div>\n\t\t\t\t\t<\/div>\n\t\t<\/section>\n\t\t\t\t\t<\/div>\n\t\t<\/div>\n\t\t\t\t\t<\/div>\n\t\t<\/section>\n\t\t\t\t<\/div>\n\t\t","protected":false},"excerpt":{"rendered":"<p>Silvelox: portes de garage et portes blind\u00e9es personnalisables et respectueuses de l\u2019environnement Les produits Silvelox sont fabriqu\u00e9s dans un contexte d&rsquo;entreprise qui, tout en maintenant les sp\u00e9cificit\u00e9s de production pour les march\u00e9s r\u00e9sidentiels et industriels, a une vision globale de croissance et de d\u00e9veloppement. Au niveau national et international, Silvelox Group repr\u00e9sente l&rsquo;une des r\u00e9alit\u00e9s [&hellip;]<\/p>\n","protected":false},"author":2,"featured_media":0,"parent":0,"menu_order":0,"comment_status":"closed","ping_status":"closed","template":"","meta":{"_acf_changed":false,"footnotes":""},"class_list":["post-23","page","type-page","status-publish","hentry"],"acf":[],"yoast_head":"<!-- This site is optimized with the Yoast SEO plugin v27.5 - https:\/\/yoast.com\/product\/yoast-seo-wordpress\/ -->\n<title>Production | Silvelox Group S.p.a. FR<\/title>\n<meta name=\"description\" content=\"Silvelox: portes de garage et portes blind\u00e9es personnalisables et respectueuses de l\u2019environnement Les produits Silvelox sont fabriqu\u00e9s dans un contexte\" \/>\n<meta name=\"robots\" content=\"index, follow, max-snippet:-1, max-image-preview:large, max-video-preview:-1\" \/>\n<link rel=\"canonical\" href=\"https:\/\/www.silvelox.it\/fr\/production\/\" \/>\n<meta property=\"og:locale\" content=\"fr_FR\" \/>\n<meta property=\"og:type\" content=\"article\" \/>\n<meta property=\"og:title\" content=\"Production | Silvelox Group S.p.a. FR\" \/>\n<meta property=\"og:description\" content=\"Silvelox: portes de garage et portes blind\u00e9es personnalisables et respectueuses de l\u2019environnement Les produits Silvelox sont fabriqu\u00e9s dans un contexte\" \/>\n<meta property=\"og:url\" content=\"https:\/\/www.silvelox.it\/fr\/production\/\" \/>\n<meta property=\"og:site_name\" content=\"Silvelox Group S.p.a. FR\" \/>\n<meta property=\"article:modified_time\" content=\"2024-02-23T09:25:32+00:00\" \/>\n<meta property=\"og:image\" content=\"https:\/\/www.silvelox.it\/fr\/wp-content\/uploads\/sites\/3\/2022\/10\/produzione-1.jpg\" \/>\n<meta name=\"twitter:card\" content=\"summary_large_image\" \/>\n<meta name=\"twitter:label1\" content=\"Dur\u00e9e de lecture estim\u00e9e\" \/>\n\t<meta name=\"twitter:data1\" content=\"12 minutes\" \/>\n<script type=\"application\/ld+json\" class=\"yoast-schema-graph\">{\"@context\":\"https:\\\/\\\/schema.org\",\"@graph\":[{\"@type\":\"WebPage\",\"@id\":\"https:\\\/\\\/www.silvelox.it\\\/fr\\\/production\\\/\",\"url\":\"https:\\\/\\\/www.silvelox.it\\\/fr\\\/production\\\/\",\"name\":\"Production | Silvelox Group S.p.a. FR\",\"isPartOf\":{\"@id\":\"https:\\\/\\\/www.silvelox.it\\\/fr\\\/#website\"},\"primaryImageOfPage\":{\"@id\":\"https:\\\/\\\/www.silvelox.it\\\/fr\\\/production\\\/#primaryimage\"},\"image\":{\"@id\":\"https:\\\/\\\/www.silvelox.it\\\/fr\\\/production\\\/#primaryimage\"},\"thumbnailUrl\":\"https:\\\/\\\/www.silvelox.it\\\/fr\\\/wp-content\\\/uploads\\\/sites\\\/3\\\/2022\\\/10\\\/produzione-1.jpg\",\"datePublished\":\"2022-10-04T06:53:31+00:00\",\"dateModified\":\"2024-02-23T09:25:32+00:00\",\"description\":\"Silvelox: portes de garage et portes blind\u00e9es personnalisables et respectueuses de l\u2019environnement Les produits Silvelox sont fabriqu\u00e9s dans un contexte\",\"breadcrumb\":{\"@id\":\"https:\\\/\\\/www.silvelox.it\\\/fr\\\/production\\\/#breadcrumb\"},\"inLanguage\":\"fr-FR\",\"potentialAction\":[{\"@type\":\"ReadAction\",\"target\":[\"https:\\\/\\\/www.silvelox.it\\\/fr\\\/production\\\/\"]}]},{\"@type\":\"ImageObject\",\"inLanguage\":\"fr-FR\",\"@id\":\"https:\\\/\\\/www.silvelox.it\\\/fr\\\/production\\\/#primaryimage\",\"url\":\"https:\\\/\\\/www.silvelox.it\\\/fr\\\/wp-content\\\/uploads\\\/sites\\\/3\\\/2022\\\/10\\\/produzione-1.jpg\",\"contentUrl\":\"https:\\\/\\\/www.silvelox.it\\\/fr\\\/wp-content\\\/uploads\\\/sites\\\/3\\\/2022\\\/10\\\/produzione-1.jpg\",\"width\":453,\"height\":453},{\"@type\":\"BreadcrumbList\",\"@id\":\"https:\\\/\\\/www.silvelox.it\\\/fr\\\/production\\\/#breadcrumb\",\"itemListElement\":[{\"@type\":\"ListItem\",\"position\":1,\"name\":\"Home\",\"item\":\"https:\\\/\\\/www.silvelox.it\\\/fr\\\/\"},{\"@type\":\"ListItem\",\"position\":2,\"name\":\"Production\"}]},{\"@type\":\"WebSite\",\"@id\":\"https:\\\/\\\/www.silvelox.it\\\/fr\\\/#website\",\"url\":\"https:\\\/\\\/www.silvelox.it\\\/fr\\\/\",\"name\":\"Silvelox Group S.p.a. FR\",\"description\":\"\",\"potentialAction\":[{\"@type\":\"SearchAction\",\"target\":{\"@type\":\"EntryPoint\",\"urlTemplate\":\"https:\\\/\\\/www.silvelox.it\\\/fr\\\/?s={search_term_string}\"},\"query-input\":{\"@type\":\"PropertyValueSpecification\",\"valueRequired\":true,\"valueName\":\"search_term_string\"}}],\"inLanguage\":\"fr-FR\"}]}<\/script>\n<!-- \/ Yoast SEO plugin. -->","yoast_head_json":{"title":"Production | Silvelox Group S.p.a. FR","description":"Silvelox: portes de garage et portes blind\u00e9es personnalisables et respectueuses de l\u2019environnement Les produits Silvelox sont fabriqu\u00e9s dans un contexte","robots":{"index":"index","follow":"follow","max-snippet":"max-snippet:-1","max-image-preview":"max-image-preview:large","max-video-preview":"max-video-preview:-1"},"canonical":"https:\/\/www.silvelox.it\/fr\/production\/","og_locale":"fr_FR","og_type":"article","og_title":"Production | Silvelox Group S.p.a. FR","og_description":"Silvelox: portes de garage et portes blind\u00e9es personnalisables et respectueuses de l\u2019environnement Les produits Silvelox sont fabriqu\u00e9s dans un contexte","og_url":"https:\/\/www.silvelox.it\/fr\/production\/","og_site_name":"Silvelox Group S.p.a. FR","article_modified_time":"2024-02-23T09:25:32+00:00","og_image":[{"url":"https:\/\/www.silvelox.it\/fr\/wp-content\/uploads\/sites\/3\/2022\/10\/produzione-1.jpg","type":"","width":"","height":""}],"twitter_card":"summary_large_image","twitter_misc":{"Dur\u00e9e de lecture estim\u00e9e":"12 minutes"},"schema":{"@context":"https:\/\/schema.org","@graph":[{"@type":"WebPage","@id":"https:\/\/www.silvelox.it\/fr\/production\/","url":"https:\/\/www.silvelox.it\/fr\/production\/","name":"Production | Silvelox Group S.p.a. FR","isPartOf":{"@id":"https:\/\/www.silvelox.it\/fr\/#website"},"primaryImageOfPage":{"@id":"https:\/\/www.silvelox.it\/fr\/production\/#primaryimage"},"image":{"@id":"https:\/\/www.silvelox.it\/fr\/production\/#primaryimage"},"thumbnailUrl":"https:\/\/www.silvelox.it\/fr\/wp-content\/uploads\/sites\/3\/2022\/10\/produzione-1.jpg","datePublished":"2022-10-04T06:53:31+00:00","dateModified":"2024-02-23T09:25:32+00:00","description":"Silvelox: portes de garage et portes blind\u00e9es personnalisables et respectueuses de l\u2019environnement Les produits Silvelox sont fabriqu\u00e9s dans un contexte","breadcrumb":{"@id":"https:\/\/www.silvelox.it\/fr\/production\/#breadcrumb"},"inLanguage":"fr-FR","potentialAction":[{"@type":"ReadAction","target":["https:\/\/www.silvelox.it\/fr\/production\/"]}]},{"@type":"ImageObject","inLanguage":"fr-FR","@id":"https:\/\/www.silvelox.it\/fr\/production\/#primaryimage","url":"https:\/\/www.silvelox.it\/fr\/wp-content\/uploads\/sites\/3\/2022\/10\/produzione-1.jpg","contentUrl":"https:\/\/www.silvelox.it\/fr\/wp-content\/uploads\/sites\/3\/2022\/10\/produzione-1.jpg","width":453,"height":453},{"@type":"BreadcrumbList","@id":"https:\/\/www.silvelox.it\/fr\/production\/#breadcrumb","itemListElement":[{"@type":"ListItem","position":1,"name":"Home","item":"https:\/\/www.silvelox.it\/fr\/"},{"@type":"ListItem","position":2,"name":"Production"}]},{"@type":"WebSite","@id":"https:\/\/www.silvelox.it\/fr\/#website","url":"https:\/\/www.silvelox.it\/fr\/","name":"Silvelox Group S.p.a. FR","description":"","potentialAction":[{"@type":"SearchAction","target":{"@type":"EntryPoint","urlTemplate":"https:\/\/www.silvelox.it\/fr\/?s={search_term_string}"},"query-input":{"@type":"PropertyValueSpecification","valueRequired":true,"valueName":"search_term_string"}}],"inLanguage":"fr-FR"}]}},"_links":{"self":[{"href":"https:\/\/www.silvelox.it\/fr\/wp-json\/wp\/v2\/pages\/23","targetHints":{"allow":["GET"]}}],"collection":[{"href":"https:\/\/www.silvelox.it\/fr\/wp-json\/wp\/v2\/pages"}],"about":[{"href":"https:\/\/www.silvelox.it\/fr\/wp-json\/wp\/v2\/types\/page"}],"author":[{"embeddable":true,"href":"https:\/\/www.silvelox.it\/fr\/wp-json\/wp\/v2\/users\/2"}],"replies":[{"embeddable":true,"href":"https:\/\/www.silvelox.it\/fr\/wp-json\/wp\/v2\/comments?post=23"}],"version-history":[{"count":299,"href":"https:\/\/www.silvelox.it\/fr\/wp-json\/wp\/v2\/pages\/23\/revisions"}],"predecessor-version":[{"id":11040,"href":"https:\/\/www.silvelox.it\/fr\/wp-json\/wp\/v2\/pages\/23\/revisions\/11040"}],"wp:attachment":[{"href":"https:\/\/www.silvelox.it\/fr\/wp-json\/wp\/v2\/media?parent=23"}],"curies":[{"name":"wp","href":"https:\/\/api.w.org\/{rel}","templated":true}]}}